{"id":11646,"date":"2025-02-13T10:25:27","date_gmt":"2025-02-13T10:25:27","guid":{"rendered":"https:\/\/hw54cbngfn.preview.infomaniak.website\/news\/"},"modified":"2025-04-07T13:56:09","modified_gmt":"2025-04-07T13:56:09","slug":"news","status":"publish","type":"page","link":"https:\/\/pourlasolidarite.eu\/en\/news\/","title":{"rendered":"News"},"content":{"rendered":"\t\t<div data-elementor-type=\"wp-page\" data-elementor-id=\"11646\" class=\"elementor elementor-11646 elementor-9006\" data-elementor-post-type=\"page\">\n\t\t\t\t<div class=\"elementor-element elementor-element-8b383b9 e-flex e-con-boxed e-con e-child\" data-id=\"8b383b9\" data-element_type=\"container\" data-e-type=\"container\" data-settings=\"{&quot;background_background&quot;:&quot;classic&quot;}\">\n\t\t\t\t\t<div class=\"e-con-inner\">\n\t\t\t\t<div class=\"elementor-element elementor-element-132ff92 elementor-widget__width-auto elementor-widget elementor-widget-n-accordion\" data-id=\"132ff92\" data-element_type=\"widget\" data-e-type=\"widget\" data-settings=\"{&quot;default_state&quot;:&quot;all_collapsed&quot;,&quot;max_items_expended&quot;:&quot;one&quot;,&quot;n_accordion_animation_duration&quot;:{&quot;unit&quot;:&quot;ms&quot;,&quot;size&quot;:400,&quot;sizes&quot;:[]}}\" data-widget_type=\"nested-accordion.default\">\n\t\t\t\t\t\t\t<div class=\"e-n-accordion\" aria-label=\"Accordion. Open links with Enter or Space, close with Escape, and navigate with Arrow Keys\">\n\t\t\t\t\t\t<details id=\"e-n-accordion-item-2010\" class=\"e-n-accordion-item\" >\n\t\t\t\t<summary class=\"e-n-accordion-item-title\" data-accordion-index=\"1\" tabindex=\"0\" aria-expanded=\"false\" aria-controls=\"e-n-accordion-item-2010\" >\n\t\t\t\t\t<span class='e-n-accordion-item-title-header'><div class=\"e-n-accordion-item-title-text\"> Filter by theme <\/div><\/span>\n\t\t\t\t\t\t\t<span class='e-n-accordion-item-title-icon'>\n\t\t\t<span class='e-opened' ><i aria-hidden=\"true\" class=\"iconpls icon-plsminus\"><\/i><\/span>\n\t\t\t<span class='e-closed'><i aria-hidden=\"true\" class=\"iconpls icon-plsplus\"><\/i><\/span>\n\t\t<\/span>\n\n\t\t\t\t\t\t<\/summary>\n\t\t\t\t<div role=\"region\" aria-labelledby=\"e-n-accordion-item-2010\" class=\"elementor-element elementor-element-08f1572 e-con-full e-flex e-con e-child\" data-id=\"08f1572\" data-element_type=\"container\" data-e-type=\"container\" data-settings=\"{&quot;background_background&quot;:&quot;classic&quot;}\">\n\t\t\t\t<div class=\"elementor-element elementor-element-dc96137 elementor-widget elementor-widget-taxonomy-filter\" data-id=\"dc96137\" data-element_type=\"widget\" data-e-type=\"widget\" data-settings=\"{&quot;selected_element&quot;:&quot;f64ad98&quot;,&quot;taxonomy&quot;:&quot;thematics&quot;,&quot;multiple_selection&quot;:&quot;no&quot;}\" data-widget_type=\"taxonomy-filter.default\">\n\t\t\t\t\t\t\t<search class=\"e-filter\" role=\"search\" data-base-url=\"https:\/\/pourlasolidarite.eu\/en\/\" data-page-num=\"1\">\n\t\t\t\t\t\t\t<button class=\"e-filter-item\" data-filter=\"citizen-participation\" aria-pressed=\"false\">Citizen participation<\/button>\n\t\t\t\t\t\t\t<button class=\"e-filter-item\" data-filter=\"csr-diversity\" aria-pressed=\"false\">CSR &amp; diversity<\/button>\n\t\t\t\t\t\t\t<button class=\"e-filter-item\" data-filter=\"social-affairs\" aria-pressed=\"false\">Social affairs<\/button>\n\t\t\t\t\t\t\t<button class=\"e-filter-item\" data-filter=\"social-economy\" aria-pressed=\"false\">Social economy<\/button>\n\t\t\t\t\t\t\t<button class=\"e-filter-item\" data-filter=\"sustainable-development\" aria-pressed=\"false\">Sustainable development<\/button>\n\t\t\t\n\t\t\t\t\t\t\t\t\t<button class=\"e-filter-item\" data-filter=\"__all\" aria-pressed=\"true\">\n\t\t\t\tAll\t\t\t<\/button>\n\t\t\t\t\t<\/search>\n\t\t\t\t\t\t<\/div>\n\t\t\t\t<\/div>\n\t\t\t\t\t<\/details>\n\t\t\t\t\t<\/div>\n\t\t\t\t\t\t<\/div>\n\t\t\t\t\t<\/div>\n\t\t\t\t<\/div>\n\t\t<div class=\"elementor-element elementor-element-f7083eb e-flex e-con-boxed e-con e-parent\" data-id=\"f7083eb\" data-element_type=\"container\" data-e-type=\"container\" data-settings=\"{&quot;background_background&quot;:&quot;classic&quot;}\">\n\t\t\t\t\t<div class=\"e-con-inner\">\n\t\t\t\t<div class=\"elementor-element elementor-element-f64ad98 elementor-widget__width-inherit elementor-grid-3 elementor-grid-tablet-2 elementor-grid-mobile-1 elementor-widget elementor-widget-loop-grid\" data-id=\"f64ad98\" data-element_type=\"widget\" data-e-type=\"widget\" data-settings=\"{&quot;template_id&quot;:11756,&quot;pagination_type&quot;:&quot;load_more_on_click&quot;,&quot;columns&quot;:3,&quot;_skin&quot;:&quot;post&quot;,&quot;columns_tablet&quot;:&quot;2&quot;,&quot;columns_mobile&quot;:&quot;1&quot;,&quot;edit_handle_selector&quot;:&quot;[data-elementor-type=\\&quot;loop-item\\&quot;]&quot;,&quot;load_more_spinner&quot;:{&quot;value&quot;:&quot;fas fa-spinner&quot;,&quot;library&quot;:&quot;fa-solid&quot;},&quot;row_gap&quot;:{&quot;unit&quot;:&quot;px&quot;,&quot;size&quot;:&quot;&quot;,&quot;sizes&quot;:[]},&quot;row_gap_widescreen&quot;:{&quot;unit&quot;:&quot;px&quot;,&quot;size&quot;:&quot;&quot;,&quot;sizes&quot;:[]},&quot;row_gap_tablet&quot;:{&quot;unit&quot;:&quot;px&quot;,&quot;size&quot;:&quot;&quot;,&quot;sizes&quot;:[]},&quot;row_gap_mobile&quot;:{&quot;unit&quot;:&quot;px&quot;,&quot;size&quot;:&quot;&quot;,&quot;sizes&quot;:[]}}\" data-widget_type=\"loop-grid.post\">\n\t\t\t\t<div class=\"elementor-widget-container\">\n\t\t\t\t\t\t\t<div class=\"elementor-loop-container elementor-grid\" role=\"list\">\n\t\t<style id=\"loop-dynamic-11756\">.e-loop-item-13037 .elementor-element.elementor-element-6470f538:not(.elementor-motion-effects-element-type-background), .e-loop-item-13037 .elementor-element.elementor-element-6470f538 > .elementor-motion-effects-container > .elementor-motion-effects-layer{background-image:url(\"https:\/\/pourlasolidarite.eu\/wp-content\/uploads\/2026\/01\/Couverture-Revue-de-litterature-RAAVI-1.webp\");}<\/style><style id=\"loop-11756\">.elementor-11756 .elementor-element.elementor-element-7c28b47e{--display:flex;--flex-direction:column;--container-widget-width:100%;--container-widget-height:initial;--container-widget-flex-grow:0;--container-widget-align-self:initial;--flex-wrap-mobile:wrap;--gap:15px 15px;--row-gap:15px;--column-gap:15px;--background-transition:0.3s;--border-radius:15px 15px 15px 15px;--padding-top:0px;--padding-bottom:0px;--padding-left:0px;--padding-right:0px;}.elementor-11756 .elementor-element.elementor-element-6470f538{--display:flex;--min-height:150px;}.elementor-11756 .elementor-element.elementor-element-6470f538:not(.elementor-motion-effects-element-type-background), .elementor-11756 .elementor-element.elementor-element-6470f538 > .elementor-motion-effects-container > .elementor-motion-effects-layer{background-position:center center;background-size:cover;}.elementor-widget-post-info .elementor-icon-list-item:not(:last-child):after{border-color:var( --e-global-color-text );}.elementor-widget-post-info .elementor-icon-list-icon i{color:var( --e-global-color-primary );}.elementor-widget-post-info .elementor-icon-list-icon svg{fill:var( --e-global-color-primary );}.elementor-widget-post-info .elementor-icon-list-text, .elementor-widget-post-info .elementor-icon-list-text a{color:var( --e-global-color-secondary );}.elementor-widget-post-info .elementor-icon-list-item{font-family:var( --e-global-typography-text-font-family ), Sans-serif;font-weight:var( --e-global-typography-text-font-weight );}.elementor-11756 .elementor-element.elementor-element-1f651ff .elementor-icon-list-item:not(:last-child):after{content:\"\";height:50%;border-color:var( --e-global-color-73fbe53 );}.elementor-11756 .elementor-element.elementor-element-1f651ff .elementor-icon-list-items:not(.elementor-inline-items) .elementor-icon-list-item:not(:last-child):after{border-top-style:solid;border-top-width:1px;}.elementor-11756 .elementor-element.elementor-element-1f651ff .elementor-icon-list-items.elementor-inline-items .elementor-icon-list-item:not(:last-child):after{border-left-style:solid;}.elementor-11756 .elementor-element.elementor-element-1f651ff .elementor-inline-items .elementor-icon-list-item:not(:last-child):after{border-left-width:1px;}.elementor-11756 .elementor-element.elementor-element-1f651ff .elementor-icon-list-icon i{color:var( --e-global-color-4d1e86a );font-size:14px;}.elementor-11756 .elementor-element.elementor-element-1f651ff .elementor-icon-list-icon svg{fill:var( --e-global-color-4d1e86a );--e-icon-list-icon-size:14px;}.elementor-11756 .elementor-element.elementor-element-1f651ff .elementor-icon-list-icon{width:14px;}body:not(.rtl) .elementor-11756 .elementor-element.elementor-element-1f651ff .elementor-icon-list-text{padding-left:10px;}body.rtl .elementor-11756 .elementor-element.elementor-element-1f651ff .elementor-icon-list-text{padding-right:10px;}.elementor-11756 .elementor-element.elementor-element-1f651ff .elementor-icon-list-text, .elementor-11756 .elementor-element.elementor-element-1f651ff .elementor-icon-list-text a{color:var( --e-global-color-53ae46e );}.elementor-11756 .elementor-element.elementor-element-1f651ff .elementor-icon-list-item{font-family:var( --e-global-typography-c79d83d-font-family ), Sans-serif;font-size:var( --e-global-typography-c79d83d-font-size );font-weight:var( --e-global-typography-c79d83d-font-weight );text-transform:var( --e-global-typography-c79d83d-text-transform );line-height:var( --e-global-typography-c79d83d-line-height );letter-spacing:var( --e-global-typography-c79d83d-letter-spacing );word-spacing:var( --e-global-typography-c79d83d-word-spacing );}.elementor-11756 .elementor-element.elementor-element-1f651ff{padding:7px 10px 5px 10px;background-color:var( --e-global-color-3f152aa );border-radius:5px 5px 5px 5px;}.elementor-11756 .elementor-element.elementor-element-1f651ff.elementor-element{--align-self:flex-start;--flex-grow:0;--flex-shrink:0;}.elementor-widget-theme-post-title .elementor-heading-title{font-family:var( --e-global-typography-primary-font-family ), Sans-serif;font-weight:var( --e-global-typography-primary-font-weight );color:var( --e-global-color-primary );}.elementor-11756 .elementor-element.elementor-element-586beb88 .elementor-heading-title{font-family:var( --e-global-typography-03cba2c-font-family ), Sans-serif;font-size:var( --e-global-typography-03cba2c-font-size );font-weight:var( --e-global-typography-03cba2c-font-weight );line-height:var( --e-global-typography-03cba2c-line-height );letter-spacing:var( --e-global-typography-03cba2c-letter-spacing );word-spacing:var( --e-global-typography-03cba2c-word-spacing );color:var( --e-global-color-53ae46e );}.elementor-widget-text-editor{font-family:var( --e-global-typography-text-font-family ), Sans-serif;font-weight:var( --e-global-typography-text-font-weight );color:var( --e-global-color-text );}.elementor-widget-text-editor.elementor-drop-cap-view-stacked .elementor-drop-cap{background-color:var( --e-global-color-primary );}.elementor-widget-text-editor.elementor-drop-cap-view-framed .elementor-drop-cap, .elementor-widget-text-editor.elementor-drop-cap-view-default .elementor-drop-cap{color:var( --e-global-color-primary );border-color:var( --e-global-color-primary );}.elementor-11756 .elementor-element.elementor-element-696eac0{font-family:var( --e-global-typography-fda5219-font-family ), Sans-serif;font-size:var( --e-global-typography-fda5219-font-size );font-weight:var( --e-global-typography-fda5219-font-weight );line-height:var( --e-global-typography-fda5219-line-height );letter-spacing:var( --e-global-typography-fda5219-letter-spacing );word-spacing:var( --e-global-typography-fda5219-word-spacing );}.elementor-11756 .elementor-element.elementor-element-3ea3c8ec .elementor-icon-list-item:not(:last-child):after{content:\"\";height:50%;border-color:var( --e-global-color-4d1e86a );}.elementor-11756 .elementor-element.elementor-element-3ea3c8ec .elementor-icon-list-items:not(.elementor-inline-items) .elementor-icon-list-item:not(:last-child):after{border-top-style:solid;border-top-width:1px;}.elementor-11756 .elementor-element.elementor-element-3ea3c8ec .elementor-icon-list-items.elementor-inline-items .elementor-icon-list-item:not(:last-child):after{border-left-style:solid;}.elementor-11756 .elementor-element.elementor-element-3ea3c8ec .elementor-inline-items .elementor-icon-list-item:not(:last-child):after{border-left-width:1px;}.elementor-11756 .elementor-element.elementor-element-3ea3c8ec .elementor-icon-list-icon{width:14px;}.elementor-11756 .elementor-element.elementor-element-3ea3c8ec .elementor-icon-list-icon i{font-size:14px;}.elementor-11756 .elementor-element.elementor-element-3ea3c8ec .elementor-icon-list-icon svg{--e-icon-list-icon-size:14px;}.elementor-11756 .elementor-element.elementor-element-3ea3c8ec .elementor-icon-list-text, .elementor-11756 .elementor-element.elementor-element-3ea3c8ec .elementor-icon-list-text a{color:var( --e-global-color-6178304 );}.elementor-11756 .elementor-element.elementor-element-3ea3c8ec .elementor-icon-list-item{font-family:var( --e-global-typography-c79d83d-font-family ), Sans-serif;font-size:var( --e-global-typography-c79d83d-font-size );font-weight:var( --e-global-typography-c79d83d-font-weight );text-transform:var( --e-global-typography-c79d83d-text-transform );line-height:var( --e-global-typography-c79d83d-line-height );letter-spacing:var( --e-global-typography-c79d83d-letter-spacing );word-spacing:var( --e-global-typography-c79d83d-word-spacing );}.elementor-11756 .elementor-element.elementor-element-3ea3c8ec{padding:0px 0px 0px 0px;}.elementor-11756 .elementor-element.elementor-element-3ea3c8ec.elementor-element{--align-self:flex-start;}@media(min-width:2400px){.elementor-11756 .elementor-element.elementor-element-1f651ff .elementor-icon-list-item{font-size:var( --e-global-typography-c79d83d-font-size );line-height:var( --e-global-typography-c79d83d-line-height );letter-spacing:var( --e-global-typography-c79d83d-letter-spacing );word-spacing:var( --e-global-typography-c79d83d-word-spacing );}.elementor-11756 .elementor-element.elementor-element-586beb88 .elementor-heading-title{font-size:var( --e-global-typography-03cba2c-font-size );line-height:var( --e-global-typography-03cba2c-line-height );letter-spacing:var( --e-global-typography-03cba2c-letter-spacing );word-spacing:var( --e-global-typography-03cba2c-word-spacing );}.elementor-11756 .elementor-element.elementor-element-696eac0{font-size:var( --e-global-typography-fda5219-font-size );line-height:var( --e-global-typography-fda5219-line-height );letter-spacing:var( --e-global-typography-fda5219-letter-spacing );word-spacing:var( --e-global-typography-fda5219-word-spacing );}.elementor-11756 .elementor-element.elementor-element-3ea3c8ec .elementor-icon-list-item{font-size:var( --e-global-typography-c79d83d-font-size );line-height:var( --e-global-typography-c79d83d-line-height );letter-spacing:var( --e-global-typography-c79d83d-letter-spacing );word-spacing:var( --e-global-typography-c79d83d-word-spacing );}}@media(max-width:1024px){.elementor-11756 .elementor-element.elementor-element-1f651ff .elementor-icon-list-item{font-size:var( --e-global-typography-c79d83d-font-size );line-height:var( --e-global-typography-c79d83d-line-height );letter-spacing:var( --e-global-typography-c79d83d-letter-spacing );word-spacing:var( --e-global-typography-c79d83d-word-spacing );}.elementor-11756 .elementor-element.elementor-element-586beb88 .elementor-heading-title{font-size:var( --e-global-typography-03cba2c-font-size );line-height:var( --e-global-typography-03cba2c-line-height );letter-spacing:var( --e-global-typography-03cba2c-letter-spacing );word-spacing:var( --e-global-typography-03cba2c-word-spacing );}.elementor-11756 .elementor-element.elementor-element-696eac0{font-size:var( --e-global-typography-fda5219-font-size );line-height:var( --e-global-typography-fda5219-line-height );letter-spacing:var( --e-global-typography-fda5219-letter-spacing );word-spacing:var( --e-global-typography-fda5219-word-spacing );}.elementor-11756 .elementor-element.elementor-element-3ea3c8ec .elementor-icon-list-item{font-size:var( --e-global-typography-c79d83d-font-size );line-height:var( --e-global-typography-c79d83d-line-height );letter-spacing:var( --e-global-typography-c79d83d-letter-spacing );word-spacing:var( --e-global-typography-c79d83d-word-spacing );}}@media(max-width:767px){.elementor-11756 .elementor-element.elementor-element-1f651ff .elementor-icon-list-item{font-size:var( --e-global-typography-c79d83d-font-size );line-height:var( --e-global-typography-c79d83d-line-height );letter-spacing:var( --e-global-typography-c79d83d-letter-spacing );word-spacing:var( --e-global-typography-c79d83d-word-spacing );}.elementor-11756 .elementor-element.elementor-element-586beb88 .elementor-heading-title{font-size:var( --e-global-typography-03cba2c-font-size );line-height:var( --e-global-typography-03cba2c-line-height );letter-spacing:var( --e-global-typography-03cba2c-letter-spacing );word-spacing:var( --e-global-typography-03cba2c-word-spacing );}.elementor-11756 .elementor-element.elementor-element-696eac0{font-size:var( --e-global-typography-fda5219-font-size );line-height:var( --e-global-typography-fda5219-line-height );letter-spacing:var( --e-global-typography-fda5219-letter-spacing );word-spacing:var( --e-global-typography-fda5219-word-spacing );}.elementor-11756 .elementor-element.elementor-element-3ea3c8ec .elementor-icon-list-item{font-size:var( --e-global-typography-c79d83d-font-size );line-height:var( --e-global-typography-c79d83d-line-height );letter-spacing:var( --e-global-typography-c79d83d-letter-spacing );word-spacing:var( --e-global-typography-c79d83d-word-spacing );}}\/* Start custom CSS for container, class: .elementor-element-6470f538 *\/.elementor-11756 .elementor-element.elementor-element-6470f538 {background-size:cover !important;background-position:center center !important;}\/* End custom CSS *\/\n\/* Start custom CSS for theme-post-title, class: .elementor-element-586beb88 *\/.elementor-11756 .elementor-element.elementor-element-586beb88 h3:hover {color:#c9161e;}\/* End custom CSS *\/<\/style>\t\t<div data-elementor-type=\"loop-item\" data-elementor-id=\"11756\" class=\"elementor elementor-11756 elementor-8653 elementor-8653 e-loop-item e-loop-item-13037 post-13037 news type-news status-publish has-post-thumbnail hentry\" data-elementor-post-type=\"elementor_library\" data-custom-edit-handle=\"1\">\n\t\t\t<a class=\"elementor-element elementor-element-7c28b47e e-flex e-con-boxed e-con e-parent\" data-id=\"7c28b47e\" data-element_type=\"container\" data-e-type=\"container\" data-settings=\"{&quot;background_background&quot;:&quot;classic&quot;}\" href=\"https:\/\/pourlasolidarite.eu\/en\/news\/self-determination-and-disability-resources-developed-by-raavi\/\">\n\t\t\t\t\t<div class=\"e-con-inner\">\n\t\t<div class=\"elementor-element elementor-element-6470f538 e-con-full e-flex e-con e-child\" data-id=\"6470f538\" data-element_type=\"container\" data-e-type=\"container\" data-settings=\"{&quot;background_background&quot;:&quot;classic&quot;}\">\n\t\t\t\t<\/div>\n\t\t\t\t<div class=\"elementor-element elementor-element-586beb88 elementor-widget elementor-widget-theme-post-title elementor-page-title elementor-widget-heading\" data-id=\"586beb88\" data-element_type=\"widget\" data-e-type=\"widget\" data-widget_type=\"theme-post-title.default\">\n\t\t\t\t\t<h3 class=\"elementor-heading-title elementor-size-default\">Self-determination and disability: resources developed by RAAVI<\/h3>\t\t\t\t<\/div>\n\t\t\t\t<div class=\"elementor-element elementor-element-696eac0 elementor-widget elementor-widget-text-editor\" data-id=\"696eac0\" data-element_type=\"widget\" data-e-type=\"widget\" data-widget_type=\"text-editor.default\">\n\t\t\t\t\t\t\t\t\t<p>To support the self-determination of people with disabilities, the RAAVI project offers two complementary resources: a literature review, which lays the theoretical and conceptual foundations, and a toolkit database that compiles more than a hundred tools promoting self-determination.<\/p>\n\t\t\t\t\t\t\t\t<\/div>\n\t\t\t\t<div class=\"elementor-element elementor-element-3ea3c8ec elementor-widget elementor-widget-post-info\" data-id=\"3ea3c8ec\" data-element_type=\"widget\" data-e-type=\"widget\" data-widget_type=\"post-info.default\">\n\t\t\t\t\t\t\t<ul class=\"elementor-inline-items elementor-icon-list-items elementor-post-info\">\n\t\t\t\t\t\t\t\t<li class=\"elementor-icon-list-item elementor-repeater-item-7a35045 elementor-inline-item\" itemprop=\"datePublished\">\n\t\t\t\t\t\t\t\t\t\t\t\t\t<span class=\"elementor-icon-list-text elementor-post-info__item elementor-post-info__item--type-date\">\n\t\t\t\t\t\t\t<span class=\"elementor-post-info__item-prefix\">Publi\u00e9 le <\/span>\n\t\t\t\t\t\t\t\t\t\t<time>23 January 2026<\/time>\t\t\t\t\t<\/span>\n\t\t\t\t\t\t\t\t<\/li>\n\t\t\t\t<\/ul>\n\t\t\t\t\t\t<\/div>\n\t\t\t\t\t<\/div>\n\t\t\t\t<\/a>\n\t\t\t\t<\/div>\n\t\t<style id=\"loop-dynamic-11756\">.e-loop-item-13055 .elementor-element.elementor-element-6470f538:not(.elementor-motion-effects-element-type-background), .e-loop-item-13055 .elementor-element.elementor-element-6470f538 > .elementor-motion-effects-container > .elementor-motion-effects-layer{background-image:url(\"https:\/\/pourlasolidarite.eu\/wp-content\/uploads\/2026\/01\/ima_4031cc4-scaled.jpeg\");}<\/style>\t\t<div data-elementor-type=\"loop-item\" data-elementor-id=\"11756\" class=\"elementor elementor-11756 elementor-8653 elementor-8653 e-loop-item e-loop-item-13055 post-13055 news type-news status-publish has-post-thumbnail hentry thematics-social-economy thematics-sustainable-development thematics-transition-en\" data-elementor-post-type=\"elementor_library\" data-custom-edit-handle=\"1\">\n\t\t\t<a class=\"elementor-element elementor-element-7c28b47e e-flex e-con-boxed e-con e-parent\" data-id=\"7c28b47e\" data-element_type=\"container\" data-e-type=\"container\" data-settings=\"{&quot;background_background&quot;:&quot;classic&quot;}\" href=\"https:\/\/pourlasolidarite.eu\/en\/news\/third-places-for-ecological-transition\/\">\n\t\t\t\t\t<div class=\"e-con-inner\">\n\t\t<div class=\"elementor-element elementor-element-6470f538 e-con-full e-flex e-con e-child\" data-id=\"6470f538\" data-element_type=\"container\" data-e-type=\"container\" data-settings=\"{&quot;background_background&quot;:&quot;classic&quot;}\">\n\t\t\t\t<\/div>\n\t\t\t\t<div class=\"elementor-element elementor-element-1f651ff elementor-widget elementor-widget-post-info\" data-id=\"1f651ff\" data-element_type=\"widget\" data-e-type=\"widget\" data-widget_type=\"post-info.default\">\n\t\t\t\t\t\t\t<ul class=\"elementor-inline-items elementor-icon-list-items elementor-post-info\">\n\t\t\t\t\t\t\t\t<li class=\"elementor-icon-list-item elementor-repeater-item-4f65ae6 elementor-inline-item\">\n\t\t\t\t\t\t\t\t\t\t<span class=\"elementor-icon-list-icon\">\n\t\t\t\t\t\t\t\t<i aria-hidden=\"true\" class=\"iconpls icon-plsfolder\"><\/i>\t\t\t\t\t\t\t<\/span>\n\t\t\t\t\t\t\t\t\t<span class=\"elementor-icon-list-text elementor-post-info__item elementor-post-info__item--type-custom\">\n\t\t\t\t\t\t\t\t\t\tSocial economy \uff5c Sustainable development\t\t\t\t\t<\/span>\n\t\t\t\t\t\t\t\t<\/li>\n\t\t\t\t<\/ul>\n\t\t\t\t\t\t<\/div>\n\t\t\t\t<div class=\"elementor-element elementor-element-586beb88 elementor-widget elementor-widget-theme-post-title elementor-page-title elementor-widget-heading\" data-id=\"586beb88\" data-element_type=\"widget\" data-e-type=\"widget\" data-widget_type=\"theme-post-title.default\">\n\t\t\t\t\t<h3 class=\"elementor-heading-title elementor-size-default\">When Third Places Become Drivers of Ecological Transition<\/h3>\t\t\t\t<\/div>\n\t\t\t\t<div class=\"elementor-element elementor-element-696eac0 elementor-widget elementor-widget-text-editor\" data-id=\"696eac0\" data-element_type=\"widget\" data-e-type=\"widget\" data-widget_type=\"text-editor.default\">\n\t\t\t\t\t\t\t\t\t<p>It\u2019s official: the European project Agora 2030 \u2013 Strengthening Third Places as Spaces for Citizen Participation in the Ecological Transition \u2013 has begun!<\/p>\n\t\t\t\t\t\t\t\t<\/div>\n\t\t\t\t<div class=\"elementor-element elementor-element-3ea3c8ec elementor-widget elementor-widget-post-info\" data-id=\"3ea3c8ec\" data-element_type=\"widget\" data-e-type=\"widget\" data-widget_type=\"post-info.default\">\n\t\t\t\t\t\t\t<ul class=\"elementor-inline-items elementor-icon-list-items elementor-post-info\">\n\t\t\t\t\t\t\t\t<li class=\"elementor-icon-list-item elementor-repeater-item-7a35045 elementor-inline-item\" itemprop=\"datePublished\">\n\t\t\t\t\t\t\t\t\t\t\t\t\t<span class=\"elementor-icon-list-text elementor-post-info__item elementor-post-info__item--type-date\">\n\t\t\t\t\t\t\t<span class=\"elementor-post-info__item-prefix\">Publi\u00e9 le <\/span>\n\t\t\t\t\t\t\t\t\t\t<time>7 January 2026<\/time>\t\t\t\t\t<\/span>\n\t\t\t\t\t\t\t\t<\/li>\n\t\t\t\t<\/ul>\n\t\t\t\t\t\t<\/div>\n\t\t\t\t\t<\/div>\n\t\t\t\t<\/a>\n\t\t\t\t<\/div>\n\t\t<style id=\"loop-dynamic-11756\">.e-loop-item-13069 .elementor-element.elementor-element-6470f538:not(.elementor-motion-effects-element-type-background), .e-loop-item-13069 .elementor-element.elementor-element-6470f538 > .elementor-motion-effects-container > .elementor-motion-effects-layer{background-image:url(\"https:\/\/pourlasolidarite.eu\/wp-content\/uploads\/2025\/12\/shared-image-2.jpg\");}<\/style>\t\t<div data-elementor-type=\"loop-item\" data-elementor-id=\"11756\" class=\"elementor elementor-11756 elementor-8653 elementor-8653 e-loop-item e-loop-item-13069 post-13069 news type-news status-publish has-post-thumbnail hentry internal_contacts-manonbouisset-2 thematics-social-economy\" data-elementor-post-type=\"elementor_library\" data-custom-edit-handle=\"1\">\n\t\t\t<a class=\"elementor-element elementor-element-7c28b47e e-flex e-con-boxed e-con e-parent\" data-id=\"7c28b47e\" data-element_type=\"container\" data-e-type=\"container\" data-settings=\"{&quot;background_background&quot;:&quot;classic&quot;}\" href=\"https:\/\/pourlasolidarite.eu\/en\/news\/enact-2025-shaped-by-european-study-visits-and-agri-food-innovation\/\">\n\t\t\t\t\t<div class=\"e-con-inner\">\n\t\t<div class=\"elementor-element elementor-element-6470f538 e-con-full e-flex e-con e-child\" data-id=\"6470f538\" data-element_type=\"container\" data-e-type=\"container\" data-settings=\"{&quot;background_background&quot;:&quot;classic&quot;}\">\n\t\t\t\t<\/div>\n\t\t\t\t<div class=\"elementor-element elementor-element-1f651ff elementor-widget elementor-widget-post-info\" data-id=\"1f651ff\" data-element_type=\"widget\" data-e-type=\"widget\" data-widget_type=\"post-info.default\">\n\t\t\t\t\t\t\t<ul class=\"elementor-inline-items elementor-icon-list-items elementor-post-info\">\n\t\t\t\t\t\t\t\t<li class=\"elementor-icon-list-item elementor-repeater-item-4f65ae6 elementor-inline-item\">\n\t\t\t\t\t\t\t\t\t\t<span class=\"elementor-icon-list-icon\">\n\t\t\t\t\t\t\t\t<i aria-hidden=\"true\" class=\"iconpls icon-plsfolder\"><\/i>\t\t\t\t\t\t\t<\/span>\n\t\t\t\t\t\t\t\t\t<span class=\"elementor-icon-list-text elementor-post-info__item elementor-post-info__item--type-custom\">\n\t\t\t\t\t\t\t\t\t\tSocial economy\t\t\t\t\t<\/span>\n\t\t\t\t\t\t\t\t<\/li>\n\t\t\t\t<\/ul>\n\t\t\t\t\t\t<\/div>\n\t\t\t\t<div class=\"elementor-element elementor-element-586beb88 elementor-widget elementor-widget-theme-post-title elementor-page-title elementor-widget-heading\" data-id=\"586beb88\" data-element_type=\"widget\" data-e-type=\"widget\" data-widget_type=\"theme-post-title.default\">\n\t\t\t\t\t<h3 class=\"elementor-heading-title elementor-size-default\">ENACT: 2025 shaped by European study visits and agri-food innovation<\/h3>\t\t\t\t<\/div>\n\t\t\t\t<div class=\"elementor-element elementor-element-696eac0 elementor-widget elementor-widget-text-editor\" data-id=\"696eac0\" data-element_type=\"widget\" data-e-type=\"widget\" data-widget_type=\"text-editor.default\">\n\t\t\t\t\t\t\t\t\t<p>In 2025, the European project ENACT \u2013 Enabling Social Innovation Entrepreneurship in Agri-Food through Digital Transition \u2013 continued its commitment to advancing the digital transition and social innovation in the agri-food sector.<\/p>\n\t\t\t\t\t\t\t\t<\/div>\n\t\t\t\t<div class=\"elementor-element elementor-element-3ea3c8ec elementor-widget elementor-widget-post-info\" data-id=\"3ea3c8ec\" data-element_type=\"widget\" data-e-type=\"widget\" data-widget_type=\"post-info.default\">\n\t\t\t\t\t\t\t<ul class=\"elementor-inline-items elementor-icon-list-items elementor-post-info\">\n\t\t\t\t\t\t\t\t<li class=\"elementor-icon-list-item elementor-repeater-item-7a35045 elementor-inline-item\" itemprop=\"datePublished\">\n\t\t\t\t\t\t\t\t\t\t\t\t\t<span class=\"elementor-icon-list-text elementor-post-info__item elementor-post-info__item--type-date\">\n\t\t\t\t\t\t\t<span class=\"elementor-post-info__item-prefix\">Publi\u00e9 le <\/span>\n\t\t\t\t\t\t\t\t\t\t<time>18 December 2025<\/time>\t\t\t\t\t<\/span>\n\t\t\t\t\t\t\t\t<\/li>\n\t\t\t\t<\/ul>\n\t\t\t\t\t\t<\/div>\n\t\t\t\t\t<\/div>\n\t\t\t\t<\/a>\n\t\t\t\t<\/div>\n\t\t<style id=\"loop-dynamic-11756\">.e-loop-item-12870 .elementor-element.elementor-element-6470f538:not(.elementor-motion-effects-element-type-background), .e-loop-item-12870 .elementor-element.elementor-element-6470f538 > .elementor-motion-effects-container > .elementor-motion-effects-layer{background-image:url(\"https:\/\/pourlasolidarite.eu\/wp-content\/uploads\/2025\/12\/MM3A5686-1.png\");}<\/style>\t\t<div data-elementor-type=\"loop-item\" data-elementor-id=\"11756\" class=\"elementor elementor-11756 elementor-8653 elementor-8653 e-loop-item e-loop-item-12870 post-12870 news type-news status-publish has-post-thumbnail hentry internal_contacts-sanjinplakalo-en thematics-access-to-employment thematics-jobs thematics-social-affairs\" data-elementor-post-type=\"elementor_library\" data-custom-edit-handle=\"1\">\n\t\t\t<a class=\"elementor-element elementor-element-7c28b47e e-flex e-con-boxed e-con e-parent\" data-id=\"7c28b47e\" data-element_type=\"container\" data-e-type=\"container\" data-settings=\"{&quot;background_background&quot;:&quot;classic&quot;}\" href=\"https:\/\/pourlasolidarite.eu\/en\/news\/improving-european-youngsters-employability-in-the-audiovisual-sector-and-their-active-citizenship\/\">\n\t\t\t\t\t<div class=\"e-con-inner\">\n\t\t<div class=\"elementor-element elementor-element-6470f538 e-con-full e-flex e-con e-child\" data-id=\"6470f538\" data-element_type=\"container\" data-e-type=\"container\" data-settings=\"{&quot;background_background&quot;:&quot;classic&quot;}\">\n\t\t\t\t<\/div>\n\t\t\t\t<div class=\"elementor-element elementor-element-1f651ff elementor-widget elementor-widget-post-info\" data-id=\"1f651ff\" data-element_type=\"widget\" data-e-type=\"widget\" data-widget_type=\"post-info.default\">\n\t\t\t\t\t\t\t<ul class=\"elementor-inline-items elementor-icon-list-items elementor-post-info\">\n\t\t\t\t\t\t\t\t<li class=\"elementor-icon-list-item elementor-repeater-item-4f65ae6 elementor-inline-item\">\n\t\t\t\t\t\t\t\t\t\t<span class=\"elementor-icon-list-icon\">\n\t\t\t\t\t\t\t\t<i aria-hidden=\"true\" class=\"iconpls icon-plsfolder\"><\/i>\t\t\t\t\t\t\t<\/span>\n\t\t\t\t\t\t\t\t\t<span class=\"elementor-icon-list-text elementor-post-info__item elementor-post-info__item--type-custom\">\n\t\t\t\t\t\t\t\t\t\tSocial affairs\t\t\t\t\t<\/span>\n\t\t\t\t\t\t\t\t<\/li>\n\t\t\t\t<\/ul>\n\t\t\t\t\t\t<\/div>\n\t\t\t\t<div class=\"elementor-element elementor-element-586beb88 elementor-widget elementor-widget-theme-post-title elementor-page-title elementor-widget-heading\" data-id=\"586beb88\" data-element_type=\"widget\" data-e-type=\"widget\" data-widget_type=\"theme-post-title.default\">\n\t\t\t\t\t<h3 class=\"elementor-heading-title elementor-size-default\">Improving European youngsters\u2019 employability in the audiovisual sector and their active citizenship<\/h3>\t\t\t\t<\/div>\n\t\t\t\t<div class=\"elementor-element elementor-element-696eac0 elementor-widget elementor-widget-text-editor\" data-id=\"696eac0\" data-element_type=\"widget\" data-e-type=\"widget\" data-widget_type=\"text-editor.default\">\n\t\t\t\t\t\t\t\t\t<p>The closing conference of the BE UNIT project, held on 4 December 2025, highlighted the realities faced by young people seeking to enter the European audiovisual sector, as well as recommendations to foster young people\u2019s cultural participation.<\/p>\n\t\t\t\t\t\t\t\t<\/div>\n\t\t\t\t<div class=\"elementor-element elementor-element-3ea3c8ec elementor-widget elementor-widget-post-info\" data-id=\"3ea3c8ec\" data-element_type=\"widget\" data-e-type=\"widget\" data-widget_type=\"post-info.default\">\n\t\t\t\t\t\t\t<ul class=\"elementor-inline-items elementor-icon-list-items elementor-post-info\">\n\t\t\t\t\t\t\t\t<li class=\"elementor-icon-list-item elementor-repeater-item-7a35045 elementor-inline-item\" itemprop=\"datePublished\">\n\t\t\t\t\t\t\t\t\t\t\t\t\t<span class=\"elementor-icon-list-text elementor-post-info__item elementor-post-info__item--type-date\">\n\t\t\t\t\t\t\t<span class=\"elementor-post-info__item-prefix\">Publi\u00e9 le <\/span>\n\t\t\t\t\t\t\t\t\t\t<time>17 December 2025<\/time>\t\t\t\t\t<\/span>\n\t\t\t\t\t\t\t\t<\/li>\n\t\t\t\t<\/ul>\n\t\t\t\t\t\t<\/div>\n\t\t\t\t\t<\/div>\n\t\t\t\t<\/a>\n\t\t\t\t<\/div>\n\t\t<style id=\"loop-dynamic-11756\">.e-loop-item-12708 .elementor-element.elementor-element-6470f538:not(.elementor-motion-effects-element-type-background), .e-loop-item-12708 .elementor-element.elementor-element-6470f538 > .elementor-motion-effects-container > .elementor-motion-effects-layer{background-image:url(\"https:\/\/pourlasolidarite.eu\/wp-content\/uploads\/2025\/10\/BE-UNIT.jpg\");}<\/style>\t\t<div data-elementor-type=\"loop-item\" data-elementor-id=\"11756\" class=\"elementor elementor-11756 elementor-8653 elementor-8653 e-loop-item e-loop-item-12708 post-12708 news type-news status-publish has-post-thumbnail hentry internal_contacts-sanjinplakalo-en thematics-citizen-participation thematics-jobs thematics-social-affairs\" data-elementor-post-type=\"elementor_library\" data-custom-edit-handle=\"1\">\n\t\t\t<a class=\"elementor-element elementor-element-7c28b47e e-flex e-con-boxed e-con e-parent\" data-id=\"7c28b47e\" data-element_type=\"container\" data-e-type=\"container\" data-settings=\"{&quot;background_background&quot;:&quot;classic&quot;}\" href=\"https:\/\/pourlasolidarite.eu\/en\/news\/professional-and-civic-inclusion-of-young-people-through-culture-video-festival-and-advocacy\/\">\n\t\t\t\t\t<div class=\"e-con-inner\">\n\t\t<div class=\"elementor-element elementor-element-6470f538 e-con-full e-flex e-con e-child\" data-id=\"6470f538\" data-element_type=\"container\" data-e-type=\"container\" data-settings=\"{&quot;background_background&quot;:&quot;classic&quot;}\">\n\t\t\t\t<\/div>\n\t\t\t\t<div class=\"elementor-element elementor-element-1f651ff elementor-widget elementor-widget-post-info\" data-id=\"1f651ff\" data-element_type=\"widget\" data-e-type=\"widget\" data-widget_type=\"post-info.default\">\n\t\t\t\t\t\t\t<ul class=\"elementor-inline-items elementor-icon-list-items elementor-post-info\">\n\t\t\t\t\t\t\t\t<li class=\"elementor-icon-list-item elementor-repeater-item-4f65ae6 elementor-inline-item\">\n\t\t\t\t\t\t\t\t\t\t<span class=\"elementor-icon-list-icon\">\n\t\t\t\t\t\t\t\t<i aria-hidden=\"true\" class=\"iconpls icon-plsfolder\"><\/i>\t\t\t\t\t\t\t<\/span>\n\t\t\t\t\t\t\t\t\t<span class=\"elementor-icon-list-text elementor-post-info__item elementor-post-info__item--type-custom\">\n\t\t\t\t\t\t\t\t\t\tCitizen participation \uff5c Social affairs\t\t\t\t\t<\/span>\n\t\t\t\t\t\t\t\t<\/li>\n\t\t\t\t<\/ul>\n\t\t\t\t\t\t<\/div>\n\t\t\t\t<div class=\"elementor-element elementor-element-586beb88 elementor-widget elementor-widget-theme-post-title elementor-page-title elementor-widget-heading\" data-id=\"586beb88\" data-element_type=\"widget\" data-e-type=\"widget\" data-widget_type=\"theme-post-title.default\">\n\t\t\t\t\t<h3 class=\"elementor-heading-title elementor-size-default\">Professional and Civic Inclusion of Young People through Culture: Video Festival and Advocacy<\/h3>\t\t\t\t<\/div>\n\t\t\t\t<div class=\"elementor-element elementor-element-696eac0 elementor-widget elementor-widget-text-editor\" data-id=\"696eac0\" data-element_type=\"widget\" data-e-type=\"widget\" data-widget_type=\"text-editor.default\">\n\t\t\t\t\t\t\t\t\t<p>In September, the city of Turin hosted the international short film festival \u201cMoonstep\u201d, an event entirely organized by young people from Belgium, Italy, and Hungary. More than just a film showcase, this festival served as a true springboard for the sociocultural and professional inclusion of young European adults.<\/p>\n\t\t\t\t\t\t\t\t<\/div>\n\t\t\t\t<div class=\"elementor-element elementor-element-3ea3c8ec elementor-widget elementor-widget-post-info\" data-id=\"3ea3c8ec\" data-element_type=\"widget\" data-e-type=\"widget\" data-widget_type=\"post-info.default\">\n\t\t\t\t\t\t\t<ul class=\"elementor-inline-items elementor-icon-list-items elementor-post-info\">\n\t\t\t\t\t\t\t\t<li class=\"elementor-icon-list-item elementor-repeater-item-7a35045 elementor-inline-item\" itemprop=\"datePublished\">\n\t\t\t\t\t\t\t\t\t\t\t\t\t<span class=\"elementor-icon-list-text elementor-post-info__item elementor-post-info__item--type-date\">\n\t\t\t\t\t\t\t<span class=\"elementor-post-info__item-prefix\">Publi\u00e9 le <\/span>\n\t\t\t\t\t\t\t\t\t\t<time>24 October 2025<\/time>\t\t\t\t\t<\/span>\n\t\t\t\t\t\t\t\t<\/li>\n\t\t\t\t<\/ul>\n\t\t\t\t\t\t<\/div>\n\t\t\t\t\t<\/div>\n\t\t\t\t<\/a>\n\t\t\t\t<\/div>\n\t\t<style id=\"loop-dynamic-11756\">.e-loop-item-12323 .elementor-element.elementor-element-6470f538:not(.elementor-motion-effects-element-type-background), .e-loop-item-12323 .elementor-element.elementor-element-6470f538 > .elementor-motion-effects-container > .elementor-motion-effects-layer{background-image:url(\"https:\/\/pourlasolidarite.eu\/wp-content\/uploads\/2025\/06\/@Bendia.productions-36-scaled.jpg\");}<\/style>\t\t<div data-elementor-type=\"loop-item\" data-elementor-id=\"11756\" class=\"elementor elementor-11756 elementor-8653 elementor-8653 e-loop-item e-loop-item-12323 post-12323 news type-news status-publish has-post-thumbnail hentry internal_contacts-sanjinplakalo-en thematics-demographics thematics-jobs thematics-social-affairs\" data-elementor-post-type=\"elementor_library\" data-custom-edit-handle=\"1\">\n\t\t\t<a class=\"elementor-element elementor-element-7c28b47e e-flex e-con-boxed e-con e-parent\" data-id=\"7c28b47e\" data-element_type=\"container\" data-e-type=\"container\" data-settings=\"{&quot;background_background&quot;:&quot;classic&quot;}\" href=\"https:\/\/pourlasolidarite.eu\/en\/news\/be-off-by-be-unit-supporting-young-people-in-organising-a-video-festival\/\">\n\t\t\t\t\t<div class=\"e-con-inner\">\n\t\t<div class=\"elementor-element elementor-element-6470f538 e-con-full e-flex e-con e-child\" data-id=\"6470f538\" data-element_type=\"container\" data-e-type=\"container\" data-settings=\"{&quot;background_background&quot;:&quot;classic&quot;}\">\n\t\t\t\t<\/div>\n\t\t\t\t<div class=\"elementor-element elementor-element-1f651ff elementor-widget elementor-widget-post-info\" data-id=\"1f651ff\" data-element_type=\"widget\" data-e-type=\"widget\" data-widget_type=\"post-info.default\">\n\t\t\t\t\t\t\t<ul class=\"elementor-inline-items elementor-icon-list-items elementor-post-info\">\n\t\t\t\t\t\t\t\t<li class=\"elementor-icon-list-item elementor-repeater-item-4f65ae6 elementor-inline-item\">\n\t\t\t\t\t\t\t\t\t\t<span class=\"elementor-icon-list-icon\">\n\t\t\t\t\t\t\t\t<i aria-hidden=\"true\" class=\"iconpls icon-plsfolder\"><\/i>\t\t\t\t\t\t\t<\/span>\n\t\t\t\t\t\t\t\t\t<span class=\"elementor-icon-list-text elementor-post-info__item elementor-post-info__item--type-custom\">\n\t\t\t\t\t\t\t\t\t\tSocial affairs\t\t\t\t\t<\/span>\n\t\t\t\t\t\t\t\t<\/li>\n\t\t\t\t<\/ul>\n\t\t\t\t\t\t<\/div>\n\t\t\t\t<div class=\"elementor-element elementor-element-586beb88 elementor-widget elementor-widget-theme-post-title elementor-page-title elementor-widget-heading\" data-id=\"586beb88\" data-element_type=\"widget\" data-e-type=\"widget\" data-widget_type=\"theme-post-title.default\">\n\t\t\t\t\t<h3 class=\"elementor-heading-title elementor-size-default\">BE OFF by BE UNIT: Supporting young people in organising a video festival<\/h3>\t\t\t\t<\/div>\n\t\t\t\t<div class=\"elementor-element elementor-element-696eac0 elementor-widget elementor-widget-text-editor\" data-id=\"696eac0\" data-element_type=\"widget\" data-e-type=\"widget\" data-widget_type=\"text-editor.default\">\n\t\t\t\t\t\t\t\t\t<p>BE OFF was one of three short film pre-selection events organised by young people as part of BE UNIT \u2013 a European project that aims to develop the skills of young people in Belgium, Italy and Hungary in the fields of audiovisual media, event management and advocacy strategies.<\/p>\n\t\t\t\t\t\t\t\t<\/div>\n\t\t\t\t<div class=\"elementor-element elementor-element-3ea3c8ec elementor-widget elementor-widget-post-info\" data-id=\"3ea3c8ec\" data-element_type=\"widget\" data-e-type=\"widget\" data-widget_type=\"post-info.default\">\n\t\t\t\t\t\t\t<ul class=\"elementor-inline-items elementor-icon-list-items elementor-post-info\">\n\t\t\t\t\t\t\t\t<li class=\"elementor-icon-list-item elementor-repeater-item-7a35045 elementor-inline-item\" itemprop=\"datePublished\">\n\t\t\t\t\t\t\t\t\t\t\t\t\t<span class=\"elementor-icon-list-text elementor-post-info__item elementor-post-info__item--type-date\">\n\t\t\t\t\t\t\t<span class=\"elementor-post-info__item-prefix\">Publi\u00e9 le <\/span>\n\t\t\t\t\t\t\t\t\t\t<time>16 June 2025<\/time>\t\t\t\t\t<\/span>\n\t\t\t\t\t\t\t\t<\/li>\n\t\t\t\t<\/ul>\n\t\t\t\t\t\t<\/div>\n\t\t\t\t\t<\/div>\n\t\t\t\t<\/a>\n\t\t\t\t<\/div>\n\t\t<style id=\"loop-dynamic-11756\">.e-loop-item-12212 .elementor-element.elementor-element-6470f538:not(.elementor-motion-effects-element-type-background), .e-loop-item-12212 .elementor-element.elementor-element-6470f538 > .elementor-motion-effects-container > .elementor-motion-effects-layer{background-image:url(\"https:\/\/pourlasolidarite.eu\/wp-content\/uploads\/2021\/02\/banner-turquoise-economiesociale.jpg\");}<\/style>\t\t<div data-elementor-type=\"loop-item\" data-elementor-id=\"11756\" class=\"elementor elementor-11756 elementor-8653 elementor-8653 e-loop-item e-loop-item-12212 post-12212 news type-news status-publish has-post-thumbnail hentry internal_contacts-salimachitalia-en thematics-social-economy\" data-elementor-post-type=\"elementor_library\" data-custom-edit-handle=\"1\">\n\t\t\t<a class=\"elementor-element elementor-element-7c28b47e e-flex e-con-boxed e-con e-parent\" data-id=\"7c28b47e\" data-element_type=\"container\" data-e-type=\"container\" data-settings=\"{&quot;background_background&quot;:&quot;classic&quot;}\" href=\"https:\/\/pourlasolidarite.eu\/en\/news\/social-economy-in-danger-lets-mobilize-to-defend-its-future-in-europe\/\">\n\t\t\t\t\t<div class=\"e-con-inner\">\n\t\t<div class=\"elementor-element elementor-element-6470f538 e-con-full e-flex e-con e-child\" data-id=\"6470f538\" data-element_type=\"container\" data-e-type=\"container\" data-settings=\"{&quot;background_background&quot;:&quot;classic&quot;}\">\n\t\t\t\t<\/div>\n\t\t\t\t<div class=\"elementor-element elementor-element-1f651ff elementor-widget elementor-widget-post-info\" data-id=\"1f651ff\" data-element_type=\"widget\" data-e-type=\"widget\" data-widget_type=\"post-info.default\">\n\t\t\t\t\t\t\t<ul class=\"elementor-inline-items elementor-icon-list-items elementor-post-info\">\n\t\t\t\t\t\t\t\t<li class=\"elementor-icon-list-item elementor-repeater-item-4f65ae6 elementor-inline-item\">\n\t\t\t\t\t\t\t\t\t\t<span class=\"elementor-icon-list-icon\">\n\t\t\t\t\t\t\t\t<i aria-hidden=\"true\" class=\"iconpls icon-plsfolder\"><\/i>\t\t\t\t\t\t\t<\/span>\n\t\t\t\t\t\t\t\t\t<span class=\"elementor-icon-list-text elementor-post-info__item elementor-post-info__item--type-custom\">\n\t\t\t\t\t\t\t\t\t\tSocial economy\t\t\t\t\t<\/span>\n\t\t\t\t\t\t\t\t<\/li>\n\t\t\t\t<\/ul>\n\t\t\t\t\t\t<\/div>\n\t\t\t\t<div class=\"elementor-element elementor-element-586beb88 elementor-widget elementor-widget-theme-post-title elementor-page-title elementor-widget-heading\" data-id=\"586beb88\" data-element_type=\"widget\" data-e-type=\"widget\" data-widget_type=\"theme-post-title.default\">\n\t\t\t\t\t<h3 class=\"elementor-heading-title elementor-size-default\">Social Economy in Danger: Let\u2019s Mobilize to Defend Its Future in Europe!<\/h3>\t\t\t\t<\/div>\n\t\t\t\t<div class=\"elementor-element elementor-element-696eac0 elementor-widget elementor-widget-text-editor\" data-id=\"696eac0\" data-element_type=\"widget\" data-e-type=\"widget\" data-widget_type=\"text-editor.default\">\n\t\t\t\t\t\t\t\t\t<p><strong>The European social economy is currently under serious threat.<\/strong><\/p>\n\t\t\t\t\t\t\t\t<\/div>\n\t\t\t\t<div class=\"elementor-element elementor-element-3ea3c8ec elementor-widget elementor-widget-post-info\" data-id=\"3ea3c8ec\" data-element_type=\"widget\" data-e-type=\"widget\" data-widget_type=\"post-info.default\">\n\t\t\t\t\t\t\t<ul class=\"elementor-inline-items elementor-icon-list-items elementor-post-info\">\n\t\t\t\t\t\t\t\t<li class=\"elementor-icon-list-item elementor-repeater-item-7a35045 elementor-inline-item\" itemprop=\"datePublished\">\n\t\t\t\t\t\t\t\t\t\t\t\t\t<span class=\"elementor-icon-list-text elementor-post-info__item elementor-post-info__item--type-date\">\n\t\t\t\t\t\t\t<span class=\"elementor-post-info__item-prefix\">Publi\u00e9 le <\/span>\n\t\t\t\t\t\t\t\t\t\t<time>30 April 2025<\/time>\t\t\t\t\t<\/span>\n\t\t\t\t\t\t\t\t<\/li>\n\t\t\t\t<\/ul>\n\t\t\t\t\t\t<\/div>\n\t\t\t\t\t<\/div>\n\t\t\t\t<\/a>\n\t\t\t\t<\/div>\n\t\t<style id=\"loop-dynamic-11756\">.e-loop-item-3502 .elementor-element.elementor-element-6470f538:not(.elementor-motion-effects-element-type-background), .e-loop-item-3502 .elementor-element.elementor-element-6470f538 > .elementor-motion-effects-container > .elementor-motion-effects-layer{background-image:url(\"https:\/\/pourlasolidarite.eu\/wp-content\/uploads\/2024\/10\/skills-to-connect-reunion-porto-sept-2024.jpg\");}<\/style>\t\t<div data-elementor-type=\"loop-item\" data-elementor-id=\"11756\" class=\"elementor elementor-11756 elementor-8653 elementor-8653 e-loop-item e-loop-item-3502 post-3502 news type-news status-publish has-post-thumbnail hentry thematics-digital thematics-environnement-en thematics-jobs thematics-personal-services-social-affairs thematics-social-affairs thematics-social-economy thematics-social-inclusion thematics-sustainable-development\" data-elementor-post-type=\"elementor_library\" data-custom-edit-handle=\"1\">\n\t\t\t<a class=\"elementor-element elementor-element-7c28b47e e-flex e-con-boxed e-con e-parent\" data-id=\"7c28b47e\" data-element_type=\"container\" data-e-type=\"container\" data-settings=\"{&quot;background_background&quot;:&quot;classic&quot;}\" href=\"https:\/\/pourlasolidarite.eu\/en\/news\/acquiring-or-improving-digital-skills-online-training-coming-soon\/\">\n\t\t\t\t\t<div class=\"e-con-inner\">\n\t\t<div class=\"elementor-element elementor-element-6470f538 e-con-full e-flex e-con e-child\" data-id=\"6470f538\" data-element_type=\"container\" data-e-type=\"container\" data-settings=\"{&quot;background_background&quot;:&quot;classic&quot;}\">\n\t\t\t\t<\/div>\n\t\t\t\t<div class=\"elementor-element elementor-element-1f651ff elementor-widget elementor-widget-post-info\" data-id=\"1f651ff\" data-element_type=\"widget\" data-e-type=\"widget\" data-widget_type=\"post-info.default\">\n\t\t\t\t\t\t\t<ul class=\"elementor-inline-items elementor-icon-list-items elementor-post-info\">\n\t\t\t\t\t\t\t\t<li class=\"elementor-icon-list-item elementor-repeater-item-4f65ae6 elementor-inline-item\">\n\t\t\t\t\t\t\t\t\t\t<span class=\"elementor-icon-list-icon\">\n\t\t\t\t\t\t\t\t<i aria-hidden=\"true\" class=\"iconpls icon-plsfolder\"><\/i>\t\t\t\t\t\t\t<\/span>\n\t\t\t\t\t\t\t\t\t<span class=\"elementor-icon-list-text elementor-post-info__item elementor-post-info__item--type-custom\">\n\t\t\t\t\t\t\t\t\t\tSocial affairs \uff5c Social economy \uff5c Sustainable development\t\t\t\t\t<\/span>\n\t\t\t\t\t\t\t\t<\/li>\n\t\t\t\t<\/ul>\n\t\t\t\t\t\t<\/div>\n\t\t\t\t<div class=\"elementor-element elementor-element-586beb88 elementor-widget elementor-widget-theme-post-title elementor-page-title elementor-widget-heading\" data-id=\"586beb88\" data-element_type=\"widget\" data-e-type=\"widget\" data-widget_type=\"theme-post-title.default\">\n\t\t\t\t\t<h3 class=\"elementor-heading-title elementor-size-default\">Acquiring or improving digital skills: online training coming soon<\/h3>\t\t\t\t<\/div>\n\t\t\t\t<div class=\"elementor-element elementor-element-696eac0 elementor-widget elementor-widget-text-editor\" data-id=\"696eac0\" data-element_type=\"widget\" data-e-type=\"widget\" data-widget_type=\"text-editor.default\">\n\t\t\t\t\t\t\t\t\t<p>The partners in the Skills to Connect project are working on an online course to train people in basic digital skills. They recently met in Porto.<\/p>\n\t\t\t\t\t\t\t\t<\/div>\n\t\t\t\t<div class=\"elementor-element elementor-element-3ea3c8ec elementor-widget elementor-widget-post-info\" data-id=\"3ea3c8ec\" data-element_type=\"widget\" data-e-type=\"widget\" data-widget_type=\"post-info.default\">\n\t\t\t\t\t\t\t<ul class=\"elementor-inline-items elementor-icon-list-items elementor-post-info\">\n\t\t\t\t\t\t\t\t<li class=\"elementor-icon-list-item elementor-repeater-item-7a35045 elementor-inline-item\" itemprop=\"datePublished\">\n\t\t\t\t\t\t\t\t\t\t\t\t\t<span class=\"elementor-icon-list-text elementor-post-info__item elementor-post-info__item--type-date\">\n\t\t\t\t\t\t\t<span class=\"elementor-post-info__item-prefix\">Publi\u00e9 le <\/span>\n\t\t\t\t\t\t\t\t\t\t<time>18 October 2024<\/time>\t\t\t\t\t<\/span>\n\t\t\t\t\t\t\t\t<\/li>\n\t\t\t\t<\/ul>\n\t\t\t\t\t\t<\/div>\n\t\t\t\t\t<\/div>\n\t\t\t\t<\/a>\n\t\t\t\t<\/div>\n\t\t<style id=\"loop-dynamic-11756\">.e-loop-item-3479 .elementor-element.elementor-element-6470f538:not(.elementor-motion-effects-element-type-background), .e-loop-item-3479 .elementor-element.elementor-element-6470f538 > .elementor-motion-effects-container > .elementor-motion-effects-layer{background-image:url(\"https:\/\/pourlasolidarite.eu\/wp-content\/uploads\/2024\/09\/be-unit-formation-italie-ete-2024.jpg\");}<\/style>\t\t<div data-elementor-type=\"loop-item\" data-elementor-id=\"11756\" class=\"elementor elementor-11756 elementor-8653 elementor-8653 e-loop-item e-loop-item-3479 post-3479 news type-news status-publish has-post-thumbnail hentry thematics-citizen-participation thematics-culture-en thematics-entrepreneurship thematics-european-citizenship thematics-jobs thematics-jobs-social-economy thematics-participatory-democracy thematics-social-affairs thematics-social-economy thematics-social-inclusion\" data-elementor-post-type=\"elementor_library\" data-custom-edit-handle=\"1\">\n\t\t\t<a class=\"elementor-element elementor-element-7c28b47e e-flex e-con-boxed e-con e-parent\" data-id=\"7c28b47e\" data-element_type=\"container\" data-e-type=\"container\" data-settings=\"{&quot;background_background&quot;:&quot;classic&quot;}\" href=\"https:\/\/pourlasolidarite.eu\/en\/news\/training-italy-boost-employability-and-active-citizenship-among-young-adults\/\">\n\t\t\t\t\t<div class=\"e-con-inner\">\n\t\t<div class=\"elementor-element elementor-element-6470f538 e-con-full e-flex e-con e-child\" data-id=\"6470f538\" data-element_type=\"container\" data-e-type=\"container\" data-settings=\"{&quot;background_background&quot;:&quot;classic&quot;}\">\n\t\t\t\t<\/div>\n\t\t\t\t<div class=\"elementor-element elementor-element-1f651ff elementor-widget elementor-widget-post-info\" data-id=\"1f651ff\" data-element_type=\"widget\" data-e-type=\"widget\" data-widget_type=\"post-info.default\">\n\t\t\t\t\t\t\t<ul class=\"elementor-inline-items elementor-icon-list-items elementor-post-info\">\n\t\t\t\t\t\t\t\t<li class=\"elementor-icon-list-item elementor-repeater-item-4f65ae6 elementor-inline-item\">\n\t\t\t\t\t\t\t\t\t\t<span class=\"elementor-icon-list-icon\">\n\t\t\t\t\t\t\t\t<i aria-hidden=\"true\" class=\"iconpls icon-plsfolder\"><\/i>\t\t\t\t\t\t\t<\/span>\n\t\t\t\t\t\t\t\t\t<span class=\"elementor-icon-list-text elementor-post-info__item elementor-post-info__item--type-custom\">\n\t\t\t\t\t\t\t\t\t\tCitizen participation \uff5c Social affairs \uff5c Social economy\t\t\t\t\t<\/span>\n\t\t\t\t\t\t\t\t<\/li>\n\t\t\t\t<\/ul>\n\t\t\t\t\t\t<\/div>\n\t\t\t\t<div class=\"elementor-element elementor-element-586beb88 elementor-widget elementor-widget-theme-post-title elementor-page-title elementor-widget-heading\" data-id=\"586beb88\" data-element_type=\"widget\" data-e-type=\"widget\" data-widget_type=\"theme-post-title.default\">\n\t\t\t\t\t<h3 class=\"elementor-heading-title elementor-size-default\">Training in Italy to boost employability and active citizenship among young adults<\/h3>\t\t\t\t<\/div>\n\t\t\t\t<div class=\"elementor-element elementor-element-696eac0 elementor-widget elementor-widget-text-editor\" data-id=\"696eac0\" data-element_type=\"widget\" data-e-type=\"widget\" data-widget_type=\"text-editor.default\">\n\t\t\t\t\t\t\t\t\t<p>Together in Italy, POUR LA SOLIDARIT\u00c9 &#8211; PLS and its partners ran a series of training workshops for 45 young adults from Italy, Hungary and Belgium, to develop their audiovisual skills and active citizenship.<\/p>\n\t\t\t\t\t\t\t\t<\/div>\n\t\t\t\t<div class=\"elementor-element elementor-element-3ea3c8ec elementor-widget elementor-widget-post-info\" data-id=\"3ea3c8ec\" data-element_type=\"widget\" data-e-type=\"widget\" data-widget_type=\"post-info.default\">\n\t\t\t\t\t\t\t<ul class=\"elementor-inline-items elementor-icon-list-items elementor-post-info\">\n\t\t\t\t\t\t\t\t<li class=\"elementor-icon-list-item elementor-repeater-item-7a35045 elementor-inline-item\" itemprop=\"datePublished\">\n\t\t\t\t\t\t\t\t\t\t\t\t\t<span class=\"elementor-icon-list-text elementor-post-info__item elementor-post-info__item--type-date\">\n\t\t\t\t\t\t\t<span class=\"elementor-post-info__item-prefix\">Publi\u00e9 le <\/span>\n\t\t\t\t\t\t\t\t\t\t<time>30 August 2024<\/time>\t\t\t\t\t<\/span>\n\t\t\t\t\t\t\t\t<\/li>\n\t\t\t\t<\/ul>\n\t\t\t\t\t\t<\/div>\n\t\t\t\t\t<\/div>\n\t\t\t\t<\/a>\n\t\t\t\t<\/div>\n\t\t<style id=\"loop-dynamic-11756\">.e-loop-item-3462 .elementor-element.elementor-element-6470f538:not(.elementor-motion-effects-element-type-background), .e-loop-item-3462 .elementor-element.elementor-element-6470f538 > .elementor-motion-effects-container > .elementor-motion-effects-layer{background-image:url(\"https:\/\/pourlasolidarite.eu\/wp-content\/uploads\/2024\/05\/banniere_-_pr2_.png\");}<\/style>\t\t<div data-elementor-type=\"loop-item\" data-elementor-id=\"11756\" class=\"elementor elementor-11756 elementor-8653 elementor-8653 e-loop-item e-loop-item-3462 post-3462 news type-news status-publish has-post-thumbnail hentry thematics-access-to-employment thematics-csr-diversity thematics-mentoring thematics-social-affairs\" data-elementor-post-type=\"elementor_library\" data-custom-edit-handle=\"1\">\n\t\t\t<a class=\"elementor-element elementor-element-7c28b47e e-flex e-con-boxed e-con e-parent\" data-id=\"7c28b47e\" data-element_type=\"container\" data-e-type=\"container\" data-settings=\"{&quot;background_background&quot;:&quot;classic&quot;}\" href=\"https:\/\/pourlasolidarite.eu\/en\/news\/tools-mentoring-young-people\/\">\n\t\t\t\t\t<div class=\"e-con-inner\">\n\t\t<div class=\"elementor-element elementor-element-6470f538 e-con-full e-flex e-con e-child\" data-id=\"6470f538\" data-element_type=\"container\" data-e-type=\"container\" data-settings=\"{&quot;background_background&quot;:&quot;classic&quot;}\">\n\t\t\t\t<\/div>\n\t\t\t\t<div class=\"elementor-element elementor-element-1f651ff elementor-widget elementor-widget-post-info\" data-id=\"1f651ff\" data-element_type=\"widget\" data-e-type=\"widget\" data-widget_type=\"post-info.default\">\n\t\t\t\t\t\t\t<ul class=\"elementor-inline-items elementor-icon-list-items elementor-post-info\">\n\t\t\t\t\t\t\t\t<li class=\"elementor-icon-list-item elementor-repeater-item-4f65ae6 elementor-inline-item\">\n\t\t\t\t\t\t\t\t\t\t<span class=\"elementor-icon-list-icon\">\n\t\t\t\t\t\t\t\t<i aria-hidden=\"true\" class=\"iconpls icon-plsfolder\"><\/i>\t\t\t\t\t\t\t<\/span>\n\t\t\t\t\t\t\t\t\t<span class=\"elementor-icon-list-text elementor-post-info__item elementor-post-info__item--type-custom\">\n\t\t\t\t\t\t\t\t\t\tCSR &amp; diversity \uff5c Social affairs\t\t\t\t\t<\/span>\n\t\t\t\t\t\t\t\t<\/li>\n\t\t\t\t<\/ul>\n\t\t\t\t\t\t<\/div>\n\t\t\t\t<div class=\"elementor-element elementor-element-586beb88 elementor-widget elementor-widget-theme-post-title elementor-page-title elementor-widget-heading\" data-id=\"586beb88\" data-element_type=\"widget\" data-e-type=\"widget\" data-widget_type=\"theme-post-title.default\">\n\t\t\t\t\t<h3 class=\"elementor-heading-title elementor-size-default\">Tools for mentoring young people<\/h3>\t\t\t\t<\/div>\n\t\t\t\t<div class=\"elementor-element elementor-element-696eac0 elementor-widget elementor-widget-text-editor\" data-id=\"696eac0\" data-element_type=\"widget\" data-e-type=\"widget\" data-widget_type=\"text-editor.default\">\n\t\t\t\t\t\t\t\t\t<p>Find out about practical tools for the different stages of a mentoring program.<\/p>\n<p>&nbsp;<\/p>\n\t\t\t\t\t\t\t\t<\/div>\n\t\t\t\t<div class=\"elementor-element elementor-element-3ea3c8ec elementor-widget elementor-widget-post-info\" data-id=\"3ea3c8ec\" data-element_type=\"widget\" data-e-type=\"widget\" data-widget_type=\"post-info.default\">\n\t\t\t\t\t\t\t<ul class=\"elementor-inline-items elementor-icon-list-items elementor-post-info\">\n\t\t\t\t\t\t\t\t<li class=\"elementor-icon-list-item elementor-repeater-item-7a35045 elementor-inline-item\" itemprop=\"datePublished\">\n\t\t\t\t\t\t\t\t\t\t\t\t\t<span class=\"elementor-icon-list-text elementor-post-info__item elementor-post-info__item--type-date\">\n\t\t\t\t\t\t\t<span class=\"elementor-post-info__item-prefix\">Publi\u00e9 le <\/span>\n\t\t\t\t\t\t\t\t\t\t<time>29 May 2024<\/time>\t\t\t\t\t<\/span>\n\t\t\t\t\t\t\t\t<\/li>\n\t\t\t\t<\/ul>\n\t\t\t\t\t\t<\/div>\n\t\t\t\t\t<\/div>\n\t\t\t\t<\/a>\n\t\t\t\t<\/div>\n\t\t<style id=\"loop-dynamic-11756\">.e-loop-item-3450 .elementor-element.elementor-element-6470f538:not(.elementor-motion-effects-element-type-background), .e-loop-item-3450 .elementor-element.elementor-element-6470f538 > .elementor-motion-effects-container > .elementor-motion-effects-layer{background-image:url(\"https:\/\/pourlasolidarite.eu\/wp-content\/uploads\/2024\/05\/pexels-shvetsa-11286136_0.jpg\");}<\/style>\t\t<div data-elementor-type=\"loop-item\" data-elementor-id=\"11756\" class=\"elementor elementor-11756 elementor-8653 elementor-8653 e-loop-item e-loop-item-3450 post-3450 news type-news status-publish has-post-thumbnail hentry thematics-energy-resources thematics-entrepreneurship thematics-environnement-en thematics-jobs thematics-jobs-social-economy thematics-local-development thematics-social-affairs thematics-social-economy thematics-sustainable-development thematics-transition-en\" data-elementor-post-type=\"elementor_library\" data-custom-edit-handle=\"1\">\n\t\t\t<a class=\"elementor-element elementor-element-7c28b47e e-flex e-con-boxed e-con e-parent\" data-id=\"7c28b47e\" data-element_type=\"container\" data-e-type=\"container\" data-settings=\"{&quot;background_background&quot;:&quot;classic&quot;}\" href=\"https:\/\/pourlasolidarite.eu\/en\/news\/improving-sustainability-and-csr-skills-self-employed-entrepreneurs\/\">\n\t\t\t\t\t<div class=\"e-con-inner\">\n\t\t<div class=\"elementor-element elementor-element-6470f538 e-con-full e-flex e-con e-child\" data-id=\"6470f538\" data-element_type=\"container\" data-e-type=\"container\" data-settings=\"{&quot;background_background&quot;:&quot;classic&quot;}\">\n\t\t\t\t<\/div>\n\t\t\t\t<div class=\"elementor-element elementor-element-1f651ff elementor-widget elementor-widget-post-info\" data-id=\"1f651ff\" data-element_type=\"widget\" data-e-type=\"widget\" data-widget_type=\"post-info.default\">\n\t\t\t\t\t\t\t<ul class=\"elementor-inline-items elementor-icon-list-items elementor-post-info\">\n\t\t\t\t\t\t\t\t<li class=\"elementor-icon-list-item elementor-repeater-item-4f65ae6 elementor-inline-item\">\n\t\t\t\t\t\t\t\t\t\t<span class=\"elementor-icon-list-icon\">\n\t\t\t\t\t\t\t\t<i aria-hidden=\"true\" class=\"iconpls icon-plsfolder\"><\/i>\t\t\t\t\t\t\t<\/span>\n\t\t\t\t\t\t\t\t\t<span class=\"elementor-icon-list-text elementor-post-info__item elementor-post-info__item--type-custom\">\n\t\t\t\t\t\t\t\t\t\tSocial affairs \uff5c Social economy \uff5c Sustainable development\t\t\t\t\t<\/span>\n\t\t\t\t\t\t\t\t<\/li>\n\t\t\t\t<\/ul>\n\t\t\t\t\t\t<\/div>\n\t\t\t\t<div class=\"elementor-element elementor-element-586beb88 elementor-widget elementor-widget-theme-post-title elementor-page-title elementor-widget-heading\" data-id=\"586beb88\" data-element_type=\"widget\" data-e-type=\"widget\" data-widget_type=\"theme-post-title.default\">\n\t\t\t\t\t<h3 class=\"elementor-heading-title elementor-size-default\">Improving the sustainability and CSR skills of self-employed entrepreneurs<\/h3>\t\t\t\t<\/div>\n\t\t\t\t<div class=\"elementor-element elementor-element-696eac0 elementor-widget elementor-widget-text-editor\" data-id=\"696eac0\" data-element_type=\"widget\" data-e-type=\"widget\" data-widget_type=\"text-editor.default\">\n\t\t\t\t\t\t\t\t\t<p>Helping self-employed entrepreneurs to improve their CSR skills is the aim of the SURE project. Discover its third newsletter!<\/p>\n\t\t\t\t\t\t\t\t<\/div>\n\t\t\t\t<div class=\"elementor-element elementor-element-3ea3c8ec elementor-widget elementor-widget-post-info\" data-id=\"3ea3c8ec\" data-element_type=\"widget\" data-e-type=\"widget\" data-widget_type=\"post-info.default\">\n\t\t\t\t\t\t\t<ul class=\"elementor-inline-items elementor-icon-list-items elementor-post-info\">\n\t\t\t\t\t\t\t\t<li class=\"elementor-icon-list-item elementor-repeater-item-7a35045 elementor-inline-item\" itemprop=\"datePublished\">\n\t\t\t\t\t\t\t\t\t\t\t\t\t<span class=\"elementor-icon-list-text elementor-post-info__item elementor-post-info__item--type-date\">\n\t\t\t\t\t\t\t<span class=\"elementor-post-info__item-prefix\">Publi\u00e9 le <\/span>\n\t\t\t\t\t\t\t\t\t\t<time>17 May 2024<\/time>\t\t\t\t\t<\/span>\n\t\t\t\t\t\t\t\t<\/li>\n\t\t\t\t<\/ul>\n\t\t\t\t\t\t<\/div>\n\t\t\t\t\t<\/div>\n\t\t\t\t<\/a>\n\t\t\t\t<\/div>\n\t\t<style id=\"loop-dynamic-11756\">.e-loop-item-3436 .elementor-element.elementor-element-6470f538:not(.elementor-motion-effects-element-type-background), .e-loop-item-3436 .elementor-element.elementor-element-6470f538 > .elementor-motion-effects-container > .elementor-motion-effects-layer{background-image:url(\"https:\/\/pourlasolidarite.eu\/wp-content\/uploads\/2024\/04\/conference-finale-sure.jpg\");}<\/style>\t\t<div data-elementor-type=\"loop-item\" data-elementor-id=\"11756\" class=\"elementor elementor-11756 elementor-8653 elementor-8653 e-loop-item e-loop-item-3436 post-3436 news type-news status-publish has-post-thumbnail hentry thematics-energy-resources thematics-entrepreneurship thematics-environnement-en thematics-jobs thematics-local-development thematics-social-affairs thematics-social-economy thematics-sustainable-development thematics-transition-en\" data-elementor-post-type=\"elementor_library\" data-custom-edit-handle=\"1\">\n\t\t\t<a class=\"elementor-element elementor-element-7c28b47e e-flex e-con-boxed e-con e-parent\" data-id=\"7c28b47e\" data-element_type=\"container\" data-e-type=\"container\" data-settings=\"{&quot;background_background&quot;:&quot;classic&quot;}\" href=\"https:\/\/pourlasolidarite.eu\/en\/news\/self-employed-entrepreneurship-just-transition-europe-conference-summary\/\">\n\t\t\t\t\t<div class=\"e-con-inner\">\n\t\t<div class=\"elementor-element elementor-element-6470f538 e-con-full e-flex e-con e-child\" data-id=\"6470f538\" data-element_type=\"container\" data-e-type=\"container\" data-settings=\"{&quot;background_background&quot;:&quot;classic&quot;}\">\n\t\t\t\t<\/div>\n\t\t\t\t<div class=\"elementor-element elementor-element-1f651ff elementor-widget elementor-widget-post-info\" data-id=\"1f651ff\" data-element_type=\"widget\" data-e-type=\"widget\" data-widget_type=\"post-info.default\">\n\t\t\t\t\t\t\t<ul class=\"elementor-inline-items elementor-icon-list-items elementor-post-info\">\n\t\t\t\t\t\t\t\t<li class=\"elementor-icon-list-item elementor-repeater-item-4f65ae6 elementor-inline-item\">\n\t\t\t\t\t\t\t\t\t\t<span class=\"elementor-icon-list-icon\">\n\t\t\t\t\t\t\t\t<i aria-hidden=\"true\" class=\"iconpls icon-plsfolder\"><\/i>\t\t\t\t\t\t\t<\/span>\n\t\t\t\t\t\t\t\t\t<span class=\"elementor-icon-list-text elementor-post-info__item elementor-post-info__item--type-custom\">\n\t\t\t\t\t\t\t\t\t\tSocial affairs \uff5c Social economy \uff5c Sustainable development\t\t\t\t\t<\/span>\n\t\t\t\t\t\t\t\t<\/li>\n\t\t\t\t<\/ul>\n\t\t\t\t\t\t<\/div>\n\t\t\t\t<div class=\"elementor-element elementor-element-586beb88 elementor-widget elementor-widget-theme-post-title elementor-page-title elementor-widget-heading\" data-id=\"586beb88\" data-element_type=\"widget\" data-e-type=\"widget\" data-widget_type=\"theme-post-title.default\">\n\t\t\t\t\t<h3 class=\"elementor-heading-title elementor-size-default\">Self-employed entrepreneurship for just transition in Europe: conference summary<\/h3>\t\t\t\t<\/div>\n\t\t\t\t<div class=\"elementor-element elementor-element-696eac0 elementor-widget elementor-widget-text-editor\" data-id=\"696eac0\" data-element_type=\"widget\" data-e-type=\"widget\" data-widget_type=\"text-editor.default\">\n\t\t\t\t\t\t\t\t\t<p>A look back at the conference aimed at supporting self-employed entrepreneurs in their ecological and social transition, providing tools for trainers and enabling entrepreneurs to put sustainable development into practice.<\/p>\n\t\t\t\t\t\t\t\t<\/div>\n\t\t\t\t<div class=\"elementor-element elementor-element-3ea3c8ec elementor-widget elementor-widget-post-info\" data-id=\"3ea3c8ec\" data-element_type=\"widget\" data-e-type=\"widget\" data-widget_type=\"post-info.default\">\n\t\t\t\t\t\t\t<ul class=\"elementor-inline-items elementor-icon-list-items elementor-post-info\">\n\t\t\t\t\t\t\t\t<li class=\"elementor-icon-list-item elementor-repeater-item-7a35045 elementor-inline-item\" itemprop=\"datePublished\">\n\t\t\t\t\t\t\t\t\t\t\t\t\t<span class=\"elementor-icon-list-text elementor-post-info__item elementor-post-info__item--type-date\">\n\t\t\t\t\t\t\t<span class=\"elementor-post-info__item-prefix\">Publi\u00e9 le <\/span>\n\t\t\t\t\t\t\t\t\t\t<time>19 April 2024<\/time>\t\t\t\t\t<\/span>\n\t\t\t\t\t\t\t\t<\/li>\n\t\t\t\t<\/ul>\n\t\t\t\t\t\t<\/div>\n\t\t\t\t\t<\/div>\n\t\t\t\t<\/a>\n\t\t\t\t<\/div>\n\t\t<style id=\"loop-dynamic-11756\">.e-loop-item-3388 .elementor-element.elementor-element-6470f538:not(.elementor-motion-effects-element-type-background), .e-loop-item-3388 .elementor-element.elementor-element-6470f538 > .elementor-motion-effects-container > .elementor-motion-effects-layer{background-image:url(\"https:\/\/pourlasolidarite.eu\/wp-content\/uploads\/2024\/03\/be-unit-kick-off-meeting-budapest-mars-2024.jpg\");}<\/style>\t\t<div data-elementor-type=\"loop-item\" data-elementor-id=\"11756\" class=\"elementor elementor-11756 elementor-8653 elementor-8653 e-loop-item e-loop-item-3388 post-3388 news type-news status-publish has-post-thumbnail hentry thematics-citizen-participation thematics-culture-en thematics-entrepreneurship thematics-european-citizenship thematics-jobs thematics-jobs-social-economy thematics-participatory-democracy thematics-social-affairs thematics-social-economy thematics-social-inclusion\" data-elementor-post-type=\"elementor_library\" data-custom-edit-handle=\"1\">\n\t\t\t<a class=\"elementor-element elementor-element-7c28b47e e-flex e-con-boxed e-con e-parent\" data-id=\"7c28b47e\" data-element_type=\"container\" data-e-type=\"container\" data-settings=\"{&quot;background_background&quot;:&quot;classic&quot;}\" href=\"https:\/\/pourlasolidarite.eu\/en\/news\/video-festival-boost-employability-and-active-citizenship-among-young-adults\/\">\n\t\t\t\t\t<div class=\"e-con-inner\">\n\t\t<div class=\"elementor-element elementor-element-6470f538 e-con-full e-flex e-con e-child\" data-id=\"6470f538\" data-element_type=\"container\" data-e-type=\"container\" data-settings=\"{&quot;background_background&quot;:&quot;classic&quot;}\">\n\t\t\t\t<\/div>\n\t\t\t\t<div class=\"elementor-element elementor-element-1f651ff elementor-widget elementor-widget-post-info\" data-id=\"1f651ff\" data-element_type=\"widget\" data-e-type=\"widget\" data-widget_type=\"post-info.default\">\n\t\t\t\t\t\t\t<ul class=\"elementor-inline-items elementor-icon-list-items elementor-post-info\">\n\t\t\t\t\t\t\t\t<li class=\"elementor-icon-list-item elementor-repeater-item-4f65ae6 elementor-inline-item\">\n\t\t\t\t\t\t\t\t\t\t<span class=\"elementor-icon-list-icon\">\n\t\t\t\t\t\t\t\t<i aria-hidden=\"true\" class=\"iconpls icon-plsfolder\"><\/i>\t\t\t\t\t\t\t<\/span>\n\t\t\t\t\t\t\t\t\t<span class=\"elementor-icon-list-text elementor-post-info__item elementor-post-info__item--type-custom\">\n\t\t\t\t\t\t\t\t\t\tCitizen participation \uff5c Social affairs \uff5c Social economy\t\t\t\t\t<\/span>\n\t\t\t\t\t\t\t\t<\/li>\n\t\t\t\t<\/ul>\n\t\t\t\t\t\t<\/div>\n\t\t\t\t<div class=\"elementor-element elementor-element-586beb88 elementor-widget elementor-widget-theme-post-title elementor-page-title elementor-widget-heading\" data-id=\"586beb88\" data-element_type=\"widget\" data-e-type=\"widget\" data-widget_type=\"theme-post-title.default\">\n\t\t\t\t\t<h3 class=\"elementor-heading-title elementor-size-default\">A video festival to boost employability and active citizenship among young adults<\/h3>\t\t\t\t<\/div>\n\t\t\t\t<div class=\"elementor-element elementor-element-696eac0 elementor-widget elementor-widget-text-editor\" data-id=\"696eac0\" data-element_type=\"widget\" data-e-type=\"widget\" data-widget_type=\"text-editor.default\">\n\t\t\t\t\t\t\t\t\t<p>Launch of the European BE UNIT project to get young European adults to work together to organise a video festival, enabling them to acquire skills and experience and strengthen their civic participation.<\/p>\n\t\t\t\t\t\t\t\t<\/div>\n\t\t\t\t<div class=\"elementor-element elementor-element-3ea3c8ec elementor-widget elementor-widget-post-info\" data-id=\"3ea3c8ec\" data-element_type=\"widget\" data-e-type=\"widget\" data-widget_type=\"post-info.default\">\n\t\t\t\t\t\t\t<ul class=\"elementor-inline-items elementor-icon-list-items elementor-post-info\">\n\t\t\t\t\t\t\t\t<li class=\"elementor-icon-list-item elementor-repeater-item-7a35045 elementor-inline-item\" itemprop=\"datePublished\">\n\t\t\t\t\t\t\t\t\t\t\t\t\t<span class=\"elementor-icon-list-text elementor-post-info__item elementor-post-info__item--type-date\">\n\t\t\t\t\t\t\t<span class=\"elementor-post-info__item-prefix\">Publi\u00e9 le <\/span>\n\t\t\t\t\t\t\t\t\t\t<time>19 March 2024<\/time>\t\t\t\t\t<\/span>\n\t\t\t\t\t\t\t\t<\/li>\n\t\t\t\t<\/ul>\n\t\t\t\t\t\t<\/div>\n\t\t\t\t\t<\/div>\n\t\t\t\t<\/a>\n\t\t\t\t<\/div>\n\t\t<style id=\"loop-dynamic-11756\">.e-loop-item-3384 .elementor-element.elementor-element-6470f538:not(.elementor-motion-effects-element-type-background), .e-loop-item-3384 .elementor-element.elementor-element-6470f538 > .elementor-motion-effects-container > .elementor-motion-effects-layer{background-image:url(\"https:\/\/pourlasolidarite.eu\/wp-content\/uploads\/2024\/03\/just_transition.png\");}<\/style>\t\t<div data-elementor-type=\"loop-item\" data-elementor-id=\"11756\" class=\"elementor elementor-11756 elementor-8653 elementor-8653 e-loop-item e-loop-item-3384 post-3384 news type-news status-publish has-post-thumbnail hentry thematics-citizen-participation thematics-csr-diversity thematics-social-affairs thematics-social-economy thematics-sustainable-development\" data-elementor-post-type=\"elementor_library\" data-custom-edit-handle=\"1\">\n\t\t\t<a class=\"elementor-element elementor-element-7c28b47e e-flex e-con-boxed e-con e-parent\" data-id=\"7c28b47e\" data-element_type=\"container\" data-e-type=\"container\" data-settings=\"{&quot;background_background&quot;:&quot;classic&quot;}\" href=\"https:\/\/pourlasolidarite.eu\/en\/news\/just-transition-call-21-european-networks-and-organizations\/\">\n\t\t\t\t\t<div class=\"e-con-inner\">\n\t\t<div class=\"elementor-element elementor-element-6470f538 e-con-full e-flex e-con e-child\" data-id=\"6470f538\" data-element_type=\"container\" data-e-type=\"container\" data-settings=\"{&quot;background_background&quot;:&quot;classic&quot;}\">\n\t\t\t\t<\/div>\n\t\t\t\t<div class=\"elementor-element elementor-element-1f651ff elementor-widget elementor-widget-post-info\" data-id=\"1f651ff\" data-element_type=\"widget\" data-e-type=\"widget\" data-widget_type=\"post-info.default\">\n\t\t\t\t\t\t\t<ul class=\"elementor-inline-items elementor-icon-list-items elementor-post-info\">\n\t\t\t\t\t\t\t\t<li class=\"elementor-icon-list-item elementor-repeater-item-4f65ae6 elementor-inline-item\">\n\t\t\t\t\t\t\t\t\t\t<span class=\"elementor-icon-list-icon\">\n\t\t\t\t\t\t\t\t<i aria-hidden=\"true\" class=\"iconpls icon-plsfolder\"><\/i>\t\t\t\t\t\t\t<\/span>\n\t\t\t\t\t\t\t\t\t<span class=\"elementor-icon-list-text elementor-post-info__item elementor-post-info__item--type-custom\">\n\t\t\t\t\t\t\t\t\t\tCitizen participation \uff5c CSR &amp; diversity \uff5c Social affairs \uff5c Social economy \uff5c Sustainable development\t\t\t\t\t<\/span>\n\t\t\t\t\t\t\t\t<\/li>\n\t\t\t\t<\/ul>\n\t\t\t\t\t\t<\/div>\n\t\t\t\t<div class=\"elementor-element elementor-element-586beb88 elementor-widget elementor-widget-theme-post-title elementor-page-title elementor-widget-heading\" data-id=\"586beb88\" data-element_type=\"widget\" data-e-type=\"widget\" data-widget_type=\"theme-post-title.default\">\n\t\t\t\t\t<h3 class=\"elementor-heading-title elementor-size-default\">Just Transition, a call from 21 European networks and organizations<\/h3>\t\t\t\t<\/div>\n\t\t\t\t<div class=\"elementor-element elementor-element-696eac0 elementor-widget elementor-widget-text-editor\" data-id=\"696eac0\" data-element_type=\"widget\" data-e-type=\"widget\" data-widget_type=\"text-editor.default\">\n\t\t\t\t\t\t\t\t\t<p>With a view to the Environment Council on March 25, under the Belgian Presidency of the Council of the European Union, Denis Stokkink, President of Pour la Solidarit\u00e9, has co-signed a joint letter to the Ministers calling for a European political framework for a Just Transition.<\/p>\n\t\t\t\t\t\t\t\t<\/div>\n\t\t\t\t<div class=\"elementor-element elementor-element-3ea3c8ec elementor-widget elementor-widget-post-info\" data-id=\"3ea3c8ec\" data-element_type=\"widget\" data-e-type=\"widget\" data-widget_type=\"post-info.default\">\n\t\t\t\t\t\t\t<ul class=\"elementor-inline-items elementor-icon-list-items elementor-post-info\">\n\t\t\t\t\t\t\t\t<li class=\"elementor-icon-list-item elementor-repeater-item-7a35045 elementor-inline-item\" itemprop=\"datePublished\">\n\t\t\t\t\t\t\t\t\t\t\t\t\t<span class=\"elementor-icon-list-text elementor-post-info__item elementor-post-info__item--type-date\">\n\t\t\t\t\t\t\t<span class=\"elementor-post-info__item-prefix\">Publi\u00e9 le <\/span>\n\t\t\t\t\t\t\t\t\t\t<time>19 March 2024<\/time>\t\t\t\t\t<\/span>\n\t\t\t\t\t\t\t\t<\/li>\n\t\t\t\t<\/ul>\n\t\t\t\t\t\t<\/div>\n\t\t\t\t\t<\/div>\n\t\t\t\t<\/a>\n\t\t\t\t<\/div>\n\t\t<style id=\"loop-dynamic-11756\">.e-loop-item-3322 .elementor-element.elementor-element-6470f538:not(.elementor-motion-effects-element-type-background), .e-loop-item-3322 .elementor-element.elementor-element-6470f538 > .elementor-motion-effects-container > .elementor-motion-effects-layer{background-image:url(\"https:\/\/pourlasolidarite.eu\/wp-content\/uploads\/2023\/12\/tpm3_0.png\");}<\/style>\t\t<div data-elementor-type=\"loop-item\" data-elementor-id=\"11756\" class=\"elementor elementor-11756 elementor-8653 elementor-8653 e-loop-item e-loop-item-3322 post-3322 news type-news status-publish has-post-thumbnail hentry thematics-age-en thematics-csr-diversity thematics-dropping-out-of-school thematics-mentoring thematics-poverty-social-affairs\" data-elementor-post-type=\"elementor_library\" data-custom-edit-handle=\"1\">\n\t\t\t<a class=\"elementor-element elementor-element-7c28b47e e-flex e-con-boxed e-con e-parent\" data-id=\"7c28b47e\" data-element_type=\"container\" data-e-type=\"container\" data-settings=\"{&quot;background_background&quot;:&quot;classic&quot;}\" href=\"https:\/\/pourlasolidarite.eu\/en\/news\/sportymentor-together-we-go-further\/\">\n\t\t\t\t\t<div class=\"e-con-inner\">\n\t\t<div class=\"elementor-element elementor-element-6470f538 e-con-full e-flex e-con e-child\" data-id=\"6470f538\" data-element_type=\"container\" data-e-type=\"container\" data-settings=\"{&quot;background_background&quot;:&quot;classic&quot;}\">\n\t\t\t\t<\/div>\n\t\t\t\t<div class=\"elementor-element elementor-element-1f651ff elementor-widget elementor-widget-post-info\" data-id=\"1f651ff\" data-element_type=\"widget\" data-e-type=\"widget\" data-widget_type=\"post-info.default\">\n\t\t\t\t\t\t\t<ul class=\"elementor-inline-items elementor-icon-list-items elementor-post-info\">\n\t\t\t\t\t\t\t\t<li class=\"elementor-icon-list-item elementor-repeater-item-4f65ae6 elementor-inline-item\">\n\t\t\t\t\t\t\t\t\t\t<span class=\"elementor-icon-list-icon\">\n\t\t\t\t\t\t\t\t<i aria-hidden=\"true\" class=\"iconpls icon-plsfolder\"><\/i>\t\t\t\t\t\t\t<\/span>\n\t\t\t\t\t\t\t\t\t<span class=\"elementor-icon-list-text elementor-post-info__item elementor-post-info__item--type-custom\">\n\t\t\t\t\t\t\t\t\t\tCSR &amp; diversity\t\t\t\t\t<\/span>\n\t\t\t\t\t\t\t\t<\/li>\n\t\t\t\t<\/ul>\n\t\t\t\t\t\t<\/div>\n\t\t\t\t<div class=\"elementor-element elementor-element-586beb88 elementor-widget elementor-widget-theme-post-title elementor-page-title elementor-widget-heading\" data-id=\"586beb88\" data-element_type=\"widget\" data-e-type=\"widget\" data-widget_type=\"theme-post-title.default\">\n\t\t\t\t\t<h3 class=\"elementor-heading-title elementor-size-default\">SportyMentor : Together we go further !<\/h3>\t\t\t\t<\/div>\n\t\t\t\t<div class=\"elementor-element elementor-element-696eac0 elementor-widget elementor-widget-text-editor\" data-id=\"696eac0\" data-element_type=\"widget\" data-e-type=\"widget\" data-widget_type=\"text-editor.default\">\n\t\t\t\t\t\t\t\t\t<p>On 12<sup>th<\/sup>&nbsp;and 13<sup>th<\/sup> December, the partners in the European SportyMentor project met in Hauts-de-France to discuss the progress of the project. More specifically, they discussed the development and implementation of the mentoring programme, the eco-citizenship toolkit and the mobile application that will be developed to support this mentoring programme.<\/p>\n\t\t\t\t\t\t\t\t<\/div>\n\t\t\t\t<div class=\"elementor-element elementor-element-3ea3c8ec elementor-widget elementor-widget-post-info\" data-id=\"3ea3c8ec\" data-element_type=\"widget\" data-e-type=\"widget\" data-widget_type=\"post-info.default\">\n\t\t\t\t\t\t\t<ul class=\"elementor-inline-items elementor-icon-list-items elementor-post-info\">\n\t\t\t\t\t\t\t\t<li class=\"elementor-icon-list-item elementor-repeater-item-7a35045 elementor-inline-item\" itemprop=\"datePublished\">\n\t\t\t\t\t\t\t\t\t\t\t\t\t<span class=\"elementor-icon-list-text elementor-post-info__item elementor-post-info__item--type-date\">\n\t\t\t\t\t\t\t<span class=\"elementor-post-info__item-prefix\">Publi\u00e9 le <\/span>\n\t\t\t\t\t\t\t\t\t\t<time>15 December 2023<\/time>\t\t\t\t\t<\/span>\n\t\t\t\t\t\t\t\t<\/li>\n\t\t\t\t<\/ul>\n\t\t\t\t\t\t<\/div>\n\t\t\t\t\t<\/div>\n\t\t\t\t<\/a>\n\t\t\t\t<\/div>\n\t\t<style id=\"loop-dynamic-11756\">.e-loop-item-3309 .elementor-element.elementor-element-6470f538:not(.elementor-motion-effects-element-type-background), .e-loop-item-3309 .elementor-element.elementor-element-6470f538 > .elementor-motion-effects-container > .elementor-motion-effects-layer{background-image:url(\"https:\/\/pourlasolidarite.eu\/wp-content\/uploads\/2023\/12\/conf-tedda-30-11-2023-1.jpg\");}<\/style>\t\t<div data-elementor-type=\"loop-item\" data-elementor-id=\"11756\" class=\"elementor elementor-11756 elementor-8653 elementor-8653 e-loop-item e-loop-item-3309 post-3309 news type-news status-publish has-post-thumbnail hentry thematics-digital thematics-energy-resources thematics-environnement-en thematics-food thematics-housing thematics-local-development thematics-mobility thematics-social-affairs thematics-social-economy thematics-social-inclusion thematics-sustainable-development thematics-transition-en\" data-elementor-post-type=\"elementor_library\" data-custom-edit-handle=\"1\">\n\t\t\t<a class=\"elementor-element elementor-element-7c28b47e e-flex e-con-boxed e-con e-parent\" data-id=\"7c28b47e\" data-element_type=\"container\" data-e-type=\"container\" data-settings=\"{&quot;background_background&quot;:&quot;classic&quot;}\" href=\"https:\/\/pourlasolidarite.eu\/en\/news\/succeeding-ecological-transition-associations-look-back-conference\/\">\n\t\t\t\t\t<div class=\"e-con-inner\">\n\t\t<div class=\"elementor-element elementor-element-6470f538 e-con-full e-flex e-con e-child\" data-id=\"6470f538\" data-element_type=\"container\" data-e-type=\"container\" data-settings=\"{&quot;background_background&quot;:&quot;classic&quot;}\">\n\t\t\t\t<\/div>\n\t\t\t\t<div class=\"elementor-element elementor-element-1f651ff elementor-widget elementor-widget-post-info\" data-id=\"1f651ff\" data-element_type=\"widget\" data-e-type=\"widget\" data-widget_type=\"post-info.default\">\n\t\t\t\t\t\t\t<ul class=\"elementor-inline-items elementor-icon-list-items elementor-post-info\">\n\t\t\t\t\t\t\t\t<li class=\"elementor-icon-list-item elementor-repeater-item-4f65ae6 elementor-inline-item\">\n\t\t\t\t\t\t\t\t\t\t<span class=\"elementor-icon-list-icon\">\n\t\t\t\t\t\t\t\t<i aria-hidden=\"true\" class=\"iconpls icon-plsfolder\"><\/i>\t\t\t\t\t\t\t<\/span>\n\t\t\t\t\t\t\t\t\t<span class=\"elementor-icon-list-text elementor-post-info__item elementor-post-info__item--type-custom\">\n\t\t\t\t\t\t\t\t\t\tSocial affairs \uff5c Social economy \uff5c Sustainable development\t\t\t\t\t<\/span>\n\t\t\t\t\t\t\t\t<\/li>\n\t\t\t\t<\/ul>\n\t\t\t\t\t\t<\/div>\n\t\t\t\t<div class=\"elementor-element elementor-element-586beb88 elementor-widget elementor-widget-theme-post-title elementor-page-title elementor-widget-heading\" data-id=\"586beb88\" data-element_type=\"widget\" data-e-type=\"widget\" data-widget_type=\"theme-post-title.default\">\n\t\t\t\t\t<h3 class=\"elementor-heading-title elementor-size-default\">Succeeding in the ecological transition of associations:  A look back at the conference<\/h3>\t\t\t\t<\/div>\n\t\t\t\t<div class=\"elementor-element elementor-element-696eac0 elementor-widget elementor-widget-text-editor\" data-id=\"696eac0\" data-element_type=\"widget\" data-e-type=\"widget\" data-widget_type=\"text-editor.default\">\n\t\t\t\t\t\t\t\t\t<p>A conference for &#8220;Succeeding in the ecological transition of associations in Europe&#8221;<\/p>\n\t\t\t\t\t\t\t\t<\/div>\n\t\t\t\t<div class=\"elementor-element elementor-element-3ea3c8ec elementor-widget elementor-widget-post-info\" data-id=\"3ea3c8ec\" data-element_type=\"widget\" data-e-type=\"widget\" data-widget_type=\"post-info.default\">\n\t\t\t\t\t\t\t<ul class=\"elementor-inline-items elementor-icon-list-items elementor-post-info\">\n\t\t\t\t\t\t\t\t<li class=\"elementor-icon-list-item elementor-repeater-item-7a35045 elementor-inline-item\" itemprop=\"datePublished\">\n\t\t\t\t\t\t\t\t\t\t\t\t\t<span class=\"elementor-icon-list-text elementor-post-info__item elementor-post-info__item--type-date\">\n\t\t\t\t\t\t\t<span class=\"elementor-post-info__item-prefix\">Publi\u00e9 le <\/span>\n\t\t\t\t\t\t\t\t\t\t<time>5 December 2023<\/time>\t\t\t\t\t<\/span>\n\t\t\t\t\t\t\t\t<\/li>\n\t\t\t\t<\/ul>\n\t\t\t\t\t\t<\/div>\n\t\t\t\t\t<\/div>\n\t\t\t\t<\/a>\n\t\t\t\t<\/div>\n\t\t<style id=\"loop-dynamic-11756\">.e-loop-item-3299 .elementor-element.elementor-element-6470f538:not(.elementor-motion-effects-element-type-background), .e-loop-item-3299 .elementor-element.elementor-element-6470f538 > .elementor-motion-effects-container > .elementor-motion-effects-layer{background-image:url(\"https:\/\/pourlasolidarite.eu\/wp-content\/uploads\/2023\/03\/sportymentor_0.png\");}<\/style>\t\t<div data-elementor-type=\"loop-item\" data-elementor-id=\"11756\" class=\"elementor elementor-11756 elementor-8653 elementor-8653 e-loop-item e-loop-item-3299 post-3299 news type-news status-publish has-post-thumbnail hentry thematics-csr-diversity thematics-dropping-out-of-school thematics-health-social-affairs thematics-mentoring thematics-poverty-social-affairs thematics-social-affairs\" data-elementor-post-type=\"elementor_library\" data-custom-edit-handle=\"1\">\n\t\t\t<a class=\"elementor-element elementor-element-7c28b47e e-flex e-con-boxed e-con e-parent\" data-id=\"7c28b47e\" data-element_type=\"container\" data-e-type=\"container\" data-settings=\"{&quot;background_background&quot;:&quot;classic&quot;}\" href=\"https:\/\/pourlasolidarite.eu\/en\/news\/sportymentor-sport-and-mentoring-help-disadvantaged-young-people\/\">\n\t\t\t\t\t<div class=\"e-con-inner\">\n\t\t<div class=\"elementor-element elementor-element-6470f538 e-con-full e-flex e-con e-child\" data-id=\"6470f538\" data-element_type=\"container\" data-e-type=\"container\" data-settings=\"{&quot;background_background&quot;:&quot;classic&quot;}\">\n\t\t\t\t<\/div>\n\t\t\t\t<div class=\"elementor-element elementor-element-1f651ff elementor-widget elementor-widget-post-info\" data-id=\"1f651ff\" data-element_type=\"widget\" data-e-type=\"widget\" data-widget_type=\"post-info.default\">\n\t\t\t\t\t\t\t<ul class=\"elementor-inline-items elementor-icon-list-items elementor-post-info\">\n\t\t\t\t\t\t\t\t<li class=\"elementor-icon-list-item elementor-repeater-item-4f65ae6 elementor-inline-item\">\n\t\t\t\t\t\t\t\t\t\t<span class=\"elementor-icon-list-icon\">\n\t\t\t\t\t\t\t\t<i aria-hidden=\"true\" class=\"iconpls icon-plsfolder\"><\/i>\t\t\t\t\t\t\t<\/span>\n\t\t\t\t\t\t\t\t\t<span class=\"elementor-icon-list-text elementor-post-info__item elementor-post-info__item--type-custom\">\n\t\t\t\t\t\t\t\t\t\tCSR &amp; diversity \uff5c Social affairs\t\t\t\t\t<\/span>\n\t\t\t\t\t\t\t\t<\/li>\n\t\t\t\t<\/ul>\n\t\t\t\t\t\t<\/div>\n\t\t\t\t<div class=\"elementor-element elementor-element-586beb88 elementor-widget elementor-widget-theme-post-title elementor-page-title elementor-widget-heading\" data-id=\"586beb88\" data-element_type=\"widget\" data-e-type=\"widget\" data-widget_type=\"theme-post-title.default\">\n\t\t\t\t\t<h3 class=\"elementor-heading-title elementor-size-default\">SportyMentor : Sport and mentoring to help disadvantaged young people !<\/h3>\t\t\t\t<\/div>\n\t\t\t\t<div class=\"elementor-element elementor-element-696eac0 elementor-widget elementor-widget-text-editor\" data-id=\"696eac0\" data-element_type=\"widget\" data-e-type=\"widget\" data-widget_type=\"text-editor.default\">\n\t\t\t\t\t\t\t\t\t<p>SportyMentor&#8217;s first deliverable &#8211; a guide to define&nbsp;the scientific basis of the support programme that will be proposed &#8211; is now AVAILABLE on the project website in all the languages of the consortium (English &#8211; French &#8211; Portuguese &#8211; Romanian).<\/p>\n\t\t\t\t\t\t\t\t<\/div>\n\t\t\t\t<div class=\"elementor-element elementor-element-3ea3c8ec elementor-widget elementor-widget-post-info\" data-id=\"3ea3c8ec\" data-element_type=\"widget\" data-e-type=\"widget\" data-widget_type=\"post-info.default\">\n\t\t\t\t\t\t\t<ul class=\"elementor-inline-items elementor-icon-list-items elementor-post-info\">\n\t\t\t\t\t\t\t\t<li class=\"elementor-icon-list-item elementor-repeater-item-7a35045 elementor-inline-item\" itemprop=\"datePublished\">\n\t\t\t\t\t\t\t\t\t\t\t\t\t<span class=\"elementor-icon-list-text elementor-post-info__item elementor-post-info__item--type-date\">\n\t\t\t\t\t\t\t<span class=\"elementor-post-info__item-prefix\">Publi\u00e9 le <\/span>\n\t\t\t\t\t\t\t\t\t\t<time>22 November 2023<\/time>\t\t\t\t\t<\/span>\n\t\t\t\t\t\t\t\t<\/li>\n\t\t\t\t<\/ul>\n\t\t\t\t\t\t<\/div>\n\t\t\t\t\t<\/div>\n\t\t\t\t<\/a>\n\t\t\t\t<\/div>\n\t\t<style id=\"loop-dynamic-11756\">.e-loop-item-3262 .elementor-element.elementor-element-6470f538:not(.elementor-motion-effects-element-type-background), .e-loop-item-3262 .elementor-element.elementor-element-6470f538 > .elementor-motion-effects-container > .elementor-motion-effects-layer{background-image:url(\"https:\/\/pourlasolidarite.eu\/wp-content\/uploads\/2023\/09\/sustainability-3300869_1280.jpg\");}<\/style>\t\t<div data-elementor-type=\"loop-item\" data-elementor-id=\"11756\" class=\"elementor elementor-11756 elementor-8653 elementor-8653 e-loop-item e-loop-item-3262 post-3262 news type-news status-publish has-post-thumbnail hentry thematics-csr-diversity thematics-entrepreneurship thematics-jobs thematics-jobs-social-economy thematics-social-affairs thematics-social-economy thematics-sustainable-development thematics-transition-en\" data-elementor-post-type=\"elementor_library\" data-custom-edit-handle=\"1\">\n\t\t\t<a class=\"elementor-element elementor-element-7c28b47e e-flex e-con-boxed e-con e-parent\" data-id=\"7c28b47e\" data-element_type=\"container\" data-e-type=\"container\" data-settings=\"{&quot;background_background&quot;:&quot;classic&quot;}\" href=\"https:\/\/pourlasolidarite.eu\/en\/news\/developing-skills-sustainable-and-responsible-entrepreneurship\/\">\n\t\t\t\t\t<div class=\"e-con-inner\">\n\t\t<div class=\"elementor-element elementor-element-6470f538 e-con-full e-flex e-con e-child\" data-id=\"6470f538\" data-element_type=\"container\" data-e-type=\"container\" data-settings=\"{&quot;background_background&quot;:&quot;classic&quot;}\">\n\t\t\t\t<\/div>\n\t\t\t\t<div class=\"elementor-element elementor-element-1f651ff elementor-widget elementor-widget-post-info\" data-id=\"1f651ff\" data-element_type=\"widget\" data-e-type=\"widget\" data-widget_type=\"post-info.default\">\n\t\t\t\t\t\t\t<ul class=\"elementor-inline-items elementor-icon-list-items elementor-post-info\">\n\t\t\t\t\t\t\t\t<li class=\"elementor-icon-list-item elementor-repeater-item-4f65ae6 elementor-inline-item\">\n\t\t\t\t\t\t\t\t\t\t<span class=\"elementor-icon-list-icon\">\n\t\t\t\t\t\t\t\t<i aria-hidden=\"true\" class=\"iconpls icon-plsfolder\"><\/i>\t\t\t\t\t\t\t<\/span>\n\t\t\t\t\t\t\t\t\t<span class=\"elementor-icon-list-text elementor-post-info__item elementor-post-info__item--type-custom\">\n\t\t\t\t\t\t\t\t\t\tCSR &amp; diversity \uff5c Social affairs \uff5c Social economy \uff5c Sustainable development\t\t\t\t\t<\/span>\n\t\t\t\t\t\t\t\t<\/li>\n\t\t\t\t<\/ul>\n\t\t\t\t\t\t<\/div>\n\t\t\t\t<div class=\"elementor-element elementor-element-586beb88 elementor-widget elementor-widget-theme-post-title elementor-page-title elementor-widget-heading\" data-id=\"586beb88\" data-element_type=\"widget\" data-e-type=\"widget\" data-widget_type=\"theme-post-title.default\">\n\t\t\t\t\t<h3 class=\"elementor-heading-title elementor-size-default\">Developing skills for sustainable and responsible entrepreneurship<\/h3>\t\t\t\t<\/div>\n\t\t\t\t<div class=\"elementor-element elementor-element-696eac0 elementor-widget elementor-widget-text-editor\" data-id=\"696eac0\" data-element_type=\"widget\" data-e-type=\"widget\" data-widget_type=\"text-editor.default\">\n\t\t\t\t\t\t\t\t\t<p>Self-employed entrepreneurs, trainers: to improve your CSR skills, find out what the SURE project partnership has to say in its new newsletter!<\/p>\n\t\t\t\t\t\t\t\t<\/div>\n\t\t\t\t<div class=\"elementor-element elementor-element-3ea3c8ec elementor-widget elementor-widget-post-info\" data-id=\"3ea3c8ec\" data-element_type=\"widget\" data-e-type=\"widget\" data-widget_type=\"post-info.default\">\n\t\t\t\t\t\t\t<ul class=\"elementor-inline-items elementor-icon-list-items elementor-post-info\">\n\t\t\t\t\t\t\t\t<li class=\"elementor-icon-list-item elementor-repeater-item-7a35045 elementor-inline-item\" itemprop=\"datePublished\">\n\t\t\t\t\t\t\t\t\t\t\t\t\t<span class=\"elementor-icon-list-text elementor-post-info__item elementor-post-info__item--type-date\">\n\t\t\t\t\t\t\t<span class=\"elementor-post-info__item-prefix\">Publi\u00e9 le <\/span>\n\t\t\t\t\t\t\t\t\t\t<time>27 September 2023<\/time>\t\t\t\t\t<\/span>\n\t\t\t\t\t\t\t\t<\/li>\n\t\t\t\t<\/ul>\n\t\t\t\t\t\t<\/div>\n\t\t\t\t\t<\/div>\n\t\t\t\t<\/a>\n\t\t\t\t<\/div>\n\t\t\t\t<\/div>\n\t\t\t\t\t<span class=\"e-load-more-spinner\">\n\t\t\t\t<svg aria-hidden=\"true\" class=\"e-font-icon-svg e-fas-spinner\" viewBox=\"0 0 512 512\" xmlns=\"http:\/\/www.w3.org\/2000\/svg\"><path d=\"M304 48c0 26.51-21.49 48-48 48s-48-21.49-48-48 21.49-48 48-48 48 21.49 48 48zm-48 368c-26.51 0-48 21.49-48 48s21.49 48 48 48 48-21.49 48-48-21.49-48-48-48zm208-208c-26.51 0-48 21.49-48 48s21.49 48 48 48 48-21.49 48-48-21.49-48-48-48zM96 256c0-26.51-21.49-48-48-48S0 229.49 0 256s21.49 48 48 48 48-21.49 48-48zm12.922 99.078c-26.51 0-48 21.49-48 48s21.49 48 48 48 48-21.49 48-48c0-26.509-21.491-48-48-48zm294.156 0c-26.51 0-48 21.49-48 48s21.49 48 48 48 48-21.49 48-48c0-26.509-21.49-48-48-48zM108.922 60.922c-26.51 0-48 21.49-48 48s21.49 48 48 48 48-21.49 48-48-21.491-48-48-48z\"><\/path><\/svg>\t\t\t<\/span>\n\t\t\n\t\t\t\t<div class=\"e-load-more-anchor\" data-page=\"1\" data-max-page=\"5\" data-next-page=\"https:\/\/pourlasolidarite.eu\/en\/wp-json\/wp\/v2\/pages\/11646\/page\/2\/\"><\/div>\n\t\t\t\t<div class=\"e-loop__load-more elementor-button-wrapper\">\n\t\t\t<a class=\"elementor-button elementor-size-sm elementor-animation-sink\" role=\"button\">\n\t\t\t\t\t\t<span class=\"elementor-button-content-wrapper\">\n\t\t\t\t\t\t\t\t\t<span class=\"elementor-button-text\">Load more<\/span>\n\t\t\t\t\t<\/span>\n\t\t\t\t\t<\/a>\n\t\t<\/div>\n\t\t\t\t<div class=\"e-load-more-message\"><\/div>\n\t\t\t\t\t\t<\/div>\n\t\t\t\t<\/div>\n\t\t\t\t\t<\/div>\n\t\t\t\t<\/div>\n\t\t\t\t<\/div>\n\t\t","protected":false},"excerpt":{"rendered":"<p>Filter by theme Affaires sociales D\u00e9veloppement durable \u00c9conomie sociale Offre d&#039;emploi PLS Participation citoyenne RSE &amp; diversit\u00e9 All Affaires sociales D\u00e9veloppement durable \u00c9conomie sociale Offre d&#039;emploi PLS Participation citoyenne RSE &amp; diversit\u00e9 All<\/p>\n","protected":false},"author":1,"featured_media":0,"parent":0,"menu_order":0,"comment_status":"closed","ping_status":"closed","template":"","meta":{"_acf_changed":false,"_crsspst_to_hw54cbnnavpreviewinfomaniakwebsite":false,"_crsspst_to_hw54cbnnbbpreviewinfomaniakwebsite":false,"_crsspst_to_hw54cbnnbdpreviewinfomaniakwebsite":false,"footnotes":""},"thematics":[],"class_list":["post-11646","page","type-page","status-publish","hentry"],"acf":[],"_links":{"self":[{"href":"https:\/\/pourlasolidarite.eu\/en\/wp-json\/wp\/v2\/pages\/11646","targetHints":{"allow":["GET"]}}],"collection":[{"href":"https:\/\/pourlasolidarite.eu\/en\/wp-json\/wp\/v2\/pages"}],"about":[{"href":"https:\/\/pourlasolidarite.eu\/en\/wp-json\/wp\/v2\/types\/page"}],"author":[{"embeddable":true,"href":"https:\/\/pourlasolidarite.eu\/en\/wp-json\/wp\/v2\/users\/1"}],"replies":[{"embeddable":true,"href":"https:\/\/pourlasolidarite.eu\/en\/wp-json\/wp\/v2\/comments?post=11646"}],"version-history":[{"count":1,"href":"https:\/\/pourlasolidarite.eu\/en\/wp-json\/wp\/v2\/pages\/11646\/revisions"}],"predecessor-version":[{"id":11647,"href":"https:\/\/pourlasolidarite.eu\/en\/wp-json\/wp\/v2\/pages\/11646\/revisions\/11647"}],"wp:attachment":[{"href":"https:\/\/pourlasolidarite.eu\/en\/wp-json\/wp\/v2\/media?parent=11646"}],"wp:term":[{"taxonomy":"thematics","embeddable":true,"href":"https:\/\/pourlasolidarite.eu\/en\/wp-json\/wp\/v2\/thematics?post=11646"}],"curies":[{"name":"wp","href":"https:\/\/api.w.org\/{rel}","templated":true}]}}